{"id":11614,"date":"2019-12-16T11:39:15","date_gmt":"2019-12-16T10:39:15","guid":{"rendered":"https:\/\/www.geres.eu\/nos-actions\/nos-projets\/climate-change-development-in-benin\/"},"modified":"2021-08-13T14:59:59","modified_gmt":"2021-08-13T12:59:59","slug":"climate-change-development-in-benin","status":"publish","type":"project","link":"https:\/\/www.geres.eu\/en\/our-actions\/our-projects\/climate-change-development-in-benin\/","title":{"rendered":"Energy transition and resilience in the Collines district"},"content":{"rendered":"<p>[et_pb_section fb_built=&#8221;1&#8243; fullwidth=&#8221;on&#8221; _builder_version=&#8221;3.25.3&#8243;][diba_header_project _builder_version=&#8221;3.25.3&#8243; width=&#8221;1400px&#8221; max_width=&#8221;100%&#8221; module_alignment=&#8221;center&#8221; height=&#8221;546px&#8221; custom_padding=&#8221;||0px|||&#8221;][\/diba_header_project][\/et_pb_section][et_pb_section fb_built=&#8221;1&#8243; _builder_version=&#8221;3.25.3&#8243; custom_padding=&#8221;0px||0px|||&#8221;][et_pb_row _builder_version=&#8221;3.25.3&#8243; width=&#8221;100%&#8221; max_width=&#8221;1400px&#8221; module_alignment=&#8221;center&#8221; custom_margin=&#8221;|||&#8221; custom_margin_tablet=&#8221;&#8221; custom_margin_phone=&#8221;&#8221; custom_margin_last_edited=&#8221;on|desktop&#8221; custom_padding=&#8221;|10px|0px|10px||&#8221; locked=&#8221;off&#8221;][et_pb_column type=&#8221;4_4&#8243; _builder_version=&#8221;3.25.3&#8243;][bastad_breadcrumb _builder_version=&#8221;3.25.3&#8243;][\/bastad_breadcrumb][\/et_pb_column][\/et_pb_row][et_pb_row _builder_version=&#8221;3.25.3&#8243; width=&#8221;100%&#8221; max_width=&#8221;1400px&#8221; custom_padding=&#8221;0px||12px|||&#8221; locked=&#8221;off&#8221;][et_pb_column type=&#8221;4_4&#8243; _builder_version=&#8221;3.25.3&#8243;][et_pb_text module_class=&#8221;introduction-guide&#8221; _builder_version=&#8221;4.9.4&#8243; text_font=&#8221;||||||||&#8221; text_text_color=&#8221;#000000&#8243; text_font_size=&#8221;24px&#8221; text_line_height=&#8221;1.8em&#8221; link_font=&#8221;||||||||&#8221; ul_font=&#8221;||||||||&#8221; ol_font=&#8221;||||||||&#8221; header_font=&#8221;||||||||&#8221; header_font_size=&#8221;29px&#8221; background_color=&#8221;#ffffff&#8221; background_image=&#8221;https:\/\/www.geres.eu\/wp-content\/uploads\/2019\/07\/BG-4.jpg&#8221; custom_padding=&#8221;60px|84px|31px|65px||&#8221; custom_padding_tablet=&#8221;40px|50px|40px|50px&#8221; custom_padding_phone=&#8221;|40px||40px&#8221; custom_padding_last_edited=&#8221;on|phone&#8221; text_font_size_tablet=&#8221;17px&#8221; text_font_size_phone=&#8221;17px&#8221; text_font_size_last_edited=&#8221;on|phone&#8221;]<\/p>\n<p class=\"p1\" style=\"text-align: center;\">This project to develop local economic sectors based on biomass energy in the Collines region of Benin is part of the CEMAATERR program, which aims to help reduce the carbon footprint and improve resilience to climate change in rural areas and secondary cities in Asia, West Africa and the Mediterranean.<\/p>\n<p>[\/et_pb_text][\/et_pb_column][\/et_pb_row][\/et_pb_section][et_pb_section fb_built=&#8221;1&#8243; custom_padding_last_edited=&#8221;on|tablet&#8221; _builder_version=&#8221;3.25.3&#8243; custom_padding=&#8221;0px||0px|||&#8221; custom_padding_tablet=&#8221;|20px||20px&#8221; custom_padding_phone=&#8221;&#8221; locked=&#8221;off&#8221;][et_pb_row module_class=&#8221;content-page-article&#8221; _builder_version=&#8221;3.25.3&#8243; width=&#8221;100%&#8221; max_width=&#8221;768px&#8221; module_alignment=&#8221;center&#8221; custom_margin=&#8221;|auto||345px||&#8221; custom_padding=&#8221;26px|||0px||&#8221; saved_tabs=&#8221;all&#8221; locked=&#8221;off&#8221;][et_pb_column type=&#8221;4_4&#8243; _builder_version=&#8221;3.25.3&#8243;][et_pb_text _builder_version=&#8221;4.9.4&#8243; header_font=&#8221;||||||||&#8221; header_2_font=&#8221;||||||||&#8221; header_2_line_height=&#8221;1.3em&#8221; custom_padding=&#8221;0px|0px|19px|0px||&#8221; custom_padding_tablet=&#8221;|0px||0px&#8221; custom_padding_phone=&#8221;&#8221; custom_padding_last_edited=&#8221;on|tablet&#8221; hover_enabled=&#8221;0&#8243; sticky_enabled=&#8221;0&#8243;]<\/p>\n<h2 class=\"p1\">CONTEXT AND CHALLENGES<\/h2>\n<p>Benin is one of the 49 Least Developed Countries in the world with a very low Human Development Index. Its rapidly growing population is largely dependent on wood to meet its energy needs, with 93% of its consumption coming from natural forests.<\/p>\n<p>This is the case in the Collines district, a predominantly rural territory located in the center of Benin, in a tropical climate zone. It includes 6 towns, whose actions are coordinated by the Groupement intercommunal des Collines (GIC). Its forest basin is an important resource for the territory and largely supplies urban areas with firewood. 2,668 tons are produced annually in the Collines, which is still partly uncontrolled.<\/p>\n<p>In addition, the equipment used for various types of cooking is still mostly traditional, not very energy efficient and gives off significant smoke, which is harmful to the health of users, mainly women and children. Rationalizing the use of biomass energy is therefore a major environmental, economic and social challenge in the Collines district.<\/p>\n<p>The project is based on a collaboration between Geres and GIC since 2014 to provide a concerted and sustainable response to the energy and climate challenges of this area.<\/p>\n<p>[\/et_pb_text][et_pb_image src=&#8221;https:\/\/www.geres.eu\/wp-content\/uploads\/2019\/10\/geres.projets.benin_.territoires-collines.articles.jpg&#8221; _builder_version=&#8221;3.25.3&#8243;][\/et_pb_image][et_pb_text _builder_version=&#8221;4.9.4&#8243; custom_padding=&#8221;15px||1px|||&#8221; hover_enabled=&#8221;0&#8243; sticky_enabled=&#8221;0&#8243;]<\/p>\n<h2 class=\"p1\">Objectives and solutions<\/h2>\n<p>The Collines district is a forerunner in Benin in the local institutional structuring of the territory. The Groupement Intercommunal (GIC), which brings together the 6 towns of the district, led the development between 2011 and 2014 of a concerted and prospective territorial project entitled &#8220;Collines 2040&#8221;.<\/p>\n<p>The assessment of the climate compatibility of this strategy showed the need to be part of an energy transition dynamic and to ensure that all development projects are resilient to climate change.<\/p>\n<p>The GIC then received technical support from the NGOs GERES and IDID, with the support of FFEM and AFD, to deploy a territorial energy-climate approach consistent with national policies on climate change mitigation and adaptation as well as access to energy.<\/p>\n<p>The first phase of the CEMAATERR project (2017-2020) thus focused on capacity building for municipalities and the establishment of a support fund for local climate change adaptation and mitigation initiatives (FAIAA-CC) aimed at supporting actions to restore degraded land and reforestation by local associations. An international roundtable brought together a hundred participants in 2018 to discuss mobilizing resources to implement the district&#8217;s commitment charter for low-carbon and climate-resilient development.<\/p>\n<p>Today, the second phase of the project aims to rationalize the use of biomass energy, which represents a major environmental issue but also an economic and social one in the Collines district.<\/p>\n<p>It is built around two complementary axes:<\/p>\n<ul>\n<li>Structuring and strengthening the production chain of sustainable energy solutions (biofuel, carbonization and improved cooking stoves), in order to standardize the quality of the local offer and create added value for the territories<\/li>\n<li>Capacity building of local actors and public decision makers on biomass energy issues and energy-climate planning, to promote sustainable, modern and quality energy solutions<\/li>\n<\/ul>\n<h2 class=\"p1\">The technical partners<strong><\/strong><\/h2>\n<ul>\n<li class=\"p2\"><span class=\"s1\"><\/span>Groupement intercommunal des Collines (GIC)<\/li>\n<li class=\"p2\">Communaut\u00e9 Foresti\u00e8re du Moyen Ou\u00e9m\u00e9 (COFORMO)<\/li>\n<\/ul>\n<p>[\/et_pb_text][\/et_pb_column][\/et_pb_row][\/et_pb_section][et_pb_section fb_built=&#8221;1&#8243; disabled_on=&#8221;off|off|off&#8221; _builder_version=&#8221;3.25.3&#8243; custom_padding=&#8221;50px|20px|50px|20px||&#8221; border_width_top=&#8221;1px&#8221; border_color_top=&#8221;rgba(92,122,153,0.25)&#8221; border_width_bottom=&#8221;1px&#8221; border_color_bottom=&#8221;rgba(92,122,153,0.25)&#8221; locked=&#8221;off&#8221;][et_pb_row _builder_version=&#8221;3.25.3&#8243;][et_pb_column type=&#8221;4_4&#8243; _builder_version=&#8221;3.25.3&#8243;][et_pb_text _builder_version=&#8221;4.9.4&#8243; text_font=&#8221;||||||||&#8221; text_text_color=&#8221;#ffffff&#8221; header_font=&#8221;||||||||&#8221; header_text_align=&#8221;center&#8221; header_text_color=&#8221;#ffffff&#8221; header_2_font=&#8221;||||||||&#8221; header_2_text_color=&#8221;#ffffff&#8221; header_2_font_size=&#8221;40px&#8221; text_orientation=&#8221;center&#8221; custom_margin=&#8221;||10px&#8221; custom_padding=&#8221;||0px&#8221; hover_enabled=&#8221;0&#8243; custom_css_main_element=&#8221;display: flex;||justify-content: center;&#8221; text_text_align=&#8221;center&#8221; sticky_enabled=&#8221;0&#8243;]<\/p>\n<h2 style=\"text-align: center;\"><span color=\"#000000\" style=\"color: #000000;\"><b>FINANCIAL PARTNER<br \/><\/b><\/span><\/h2>\n<p>[\/et_pb_text][et_pb_divider color=&#8221;#ffb622&#8243; divider_weight=&#8221;4px&#8221; _builder_version=&#8221;3.25.3&#8243; width=&#8221;8%&#8221; module_alignment=&#8221;center&#8221;][\/et_pb_divider][\/et_pb_column][\/et_pb_row][et_pb_row column_structure=&#8221;1_3,1_3,1_3&#8243; _builder_version=&#8221;4.9.4&#8243; width=&#8221;100%&#8221; max_width=&#8221;952px&#8221; custom_padding=&#8221;|||||&#8221; locked=&#8221;off&#8221;][et_pb_column type=&#8221;1_3&#8243; _builder_version=&#8221;3.25.3&#8243;][\/et_pb_column][et_pb_column type=&#8221;1_3&#8243; _builder_version=&#8221;4.9.4&#8243; _module_preset=&#8221;default&#8221;][diba_content_popup image=&#8221;https:\/\/www.geres.eu\/wp-content\/uploads\/2019\/07\/AFD.png&#8221; hover_content=&#8221;<\/p>\n<h3>French Development Agency (AFD)<\/h3>\n<p><a href=%22#%22 class=%22know-more black%22><i class=%22icon-arrow_right%22><\/i><span>Read more<\/span><\/a><\/p>\n<p>&#8221; more_content=&#8221;<span>This financial institution forms the core of the French development aid system for poor countries. Its mission: to take part in funding development by helping the private or public sector and local not-for-profit networks to implement economic and social projects on five continents and in the French overseas territories. <\/span><\/p>\n<p><a href=%22https:\/\/www.afd.fr\/%22 class=%22know-more black%22>Read more<\/a>&#8221; _builder_version=&#8221;4.0.6&#8243; locked=&#8221;off&#8221;][\/diba_content_popup][\/et_pb_column][et_pb_column type=&#8221;1_3&#8243; _builder_version=&#8221;4.9.4&#8243; _module_preset=&#8221;default&#8221;][\/et_pb_column][\/et_pb_row][\/et_pb_section][et_pb_section fb_built=&#8221;1&#8243; custom_padding_last_edited=&#8221;on|tablet&#8221; disabled_on=&#8221;on|on|off&#8221; _builder_version=&#8221;3.25.3&#8243; custom_margin=&#8221;-2px|||||&#8221; custom_padding=&#8221;39px||43px|||&#8221; custom_padding_tablet=&#8221;|20px||20px&#8221; custom_padding_phone=&#8221;&#8221; border_width_top=&#8221;1px&#8221; border_color_top=&#8221;rgba(92,122,153,0.25)&#8221; border_width_bottom=&#8221;1px&#8221; border_color_bottom=&#8221;rgba(92,122,153,0.25)&#8221; locked=&#8221;off&#8221;][et_pb_row _builder_version=&#8221;3.25.3&#8243; custom_padding=&#8221;||4px|||&#8221;][et_pb_column type=&#8221;4_4&#8243; _builder_version=&#8221;3.25.3&#8243;][et_pb_text _builder_version=&#8221;4.9.4&#8243; text_font=&#8221;||||||||&#8221; text_text_color=&#8221;#ffffff&#8221; header_font=&#8221;||||||||&#8221; header_text_align=&#8221;center&#8221; header_text_color=&#8221;#ffffff&#8221; header_2_font=&#8221;||||||||&#8221; header_2_text_color=&#8221;#ffffff&#8221; header_2_font_size=&#8221;40px&#8221; text_orientation=&#8221;center&#8221; custom_margin=&#8221;||10px&#8221; custom_padding=&#8221;||0px&#8221; hover_enabled=&#8221;0&#8243; custom_css_main_element=&#8221;display: flex;||justify-content: center;&#8221; text_text_align=&#8221;center&#8221; sticky_enabled=&#8221;0&#8243;]<\/p>\n<h2 style=\"text-align: center;\"><span color=\"#000000\" style=\"color: #000000;\"><b>To go further<\/b><\/span><\/h2>\n<p>[\/et_pb_text][et_pb_divider color=&#8221;#ffb622&#8243; divider_weight=&#8221;4px&#8221; _builder_version=&#8221;3.25.3&#8243; width=&#8221;8%&#8221; module_alignment=&#8221;center&#8221;][\/et_pb_divider][\/et_pb_column][\/et_pb_row][et_pb_row column_structure=&#8221;1_2,1_2&#8243; _builder_version=&#8221;4.7.7&#8243; width=&#8221;100%&#8221; max_width=&#8221;1400px&#8221;][et_pb_column type=&#8221;1_2&#8243; _builder_version=&#8221;3.25.3&#8243;][et_pb_text module_class=&#8221;doc-telechargement&#8221; _builder_version=&#8221;4.9.4&#8243; text_font=&#8221;||||||||&#8221; text_text_color=&#8221;#000000&#8243; text_font_size=&#8221;16px&#8221; hover_enabled=&#8221;0&#8243; sticky_enabled=&#8221;0&#8243;]<\/p>\n<h3><strong>Factsheet 2020-2022<br \/><\/strong><\/h3>\n<p><a href=\"https:\/\/www.geres.eu\/wp-content\/uploads\/2021\/08\/fiche-projet-benin-transition-energetique-resilience-collines.pdf\" class=\"know-more black\" target=\"_blank\" rel=\"noopener noreferrer\"><i class=\"icon-arrow_right\"><\/i><span>Download the document<\/span><\/a><\/p>\n<p>[\/et_pb_text][\/et_pb_column][et_pb_column type=&#8221;1_2&#8243; _builder_version=&#8221;3.25.3&#8243;][et_pb_text module_class=&#8221;doc-telechargement&#8221; _builder_version=&#8221;4.7.7&#8243; text_font=&#8221;||||||||&#8221; text_text_color=&#8221;#000000&#8243; text_font_size=&#8221;16px&#8221; locked=&#8221;off&#8221;]<\/p>\n<h3><strong>Plaquette CEMAATERR<br \/>\n<\/strong><\/h3>\n<p><a href=\"https:\/\/www.geres.eu\/wp-content\/uploads\/2019\/10\/Plaquette-CEMAATERR-changement-climatique-Benin.pdf\" class=\"know-more black\" target=\"_blank\" rel=\"noopener noreferrer\"><i class=\"icon-arrow_right\"><\/i><span>Download the leaflet<\/span><\/a>[\/et_pb_text][\/et_pb_column][\/et_pb_row][\/et_pb_section][et_pb_section fb_built=&#8221;1&#8243; module_class=&#8221;bloc-footer-liens-image&#8221; _builder_version=&#8221;4.0.6&#8243; border_width_bottom=&#8221;1px&#8221; border_color_bottom=&#8221;rgba(92,122,153,0.25)&#8221; locked=&#8221;off&#8221;][et_pb_row _builder_version=&#8221;3.25.3&#8243;][et_pb_column type=&#8221;4_4&#8243; _builder_version=&#8221;3.25.3&#8243;][et_pb_text _builder_version=&#8221;3.25.3&#8243; text_font=&#8221;||||||||&#8221; text_text_color=&#8221;#000000&#8243; header_font=&#8221;||||||||&#8221; header_text_align=&#8221;center&#8221; header_text_color=&#8221;#000000&#8243; header_2_font=&#8221;||||||||&#8221; header_2_text_color=&#8221;#000000&#8243; header_2_font_size=&#8221;40px&#8221; text_orientation=&#8221;center&#8221; custom_margin=&#8221;||10px&#8221; custom_padding=&#8221;||0px&#8221; custom_css_main_element=&#8221;display: flex;||justify-content: center;&#8221; text_text_align=&#8221;center&#8221;]<\/p>\n<h2 style=\"text-align: center;\"><strong>FIND OUT MORE<\/strong><\/h2>\n<p>[\/et_pb_text][et_pb_divider color=&#8221;#ffb622&#8243; divider_weight=&#8221;4px&#8221; _builder_version=&#8221;3.25.3&#8243; width=&#8221;8%&#8221; module_alignment=&#8221;center&#8221;][\/et_pb_divider][\/et_pb_column][\/et_pb_row][et_pb_row column_structure=&#8221;1_2,1_2&#8243; _builder_version=&#8221;3.25.3&#8243; width=&#8221;100%&#8221; max_width=&#8221;952px&#8221;][et_pb_column type=&#8221;1_2&#8243; _builder_version=&#8221;3.25.3&#8243;][et_pb_text _builder_version=&#8221;4.0.6&#8243; text_font=&#8221;||||||||&#8221; text_letter_spacing=&#8221;2px&#8221; header_font=&#8221;||||||||&#8221; header_text_align=&#8221;center&#8221; header_3_font=&#8221;||||||||&#8221; header_3_text_align=&#8221;center&#8221; header_3_text_color=&#8221;#ffffff&#8221; header_3_font_size=&#8221;30px&#8221; header_3_line_height=&#8221;30px&#8221; background_image=&#8221;https:\/\/www.geres.eu\/wp-content\/uploads\/2019\/10\/geres-pays-intervention-benin-en-savoir-plus.jpg&#8221; text_orientation=&#8221;center&#8221; min_height=&#8221;223px&#8221; custom_padding=&#8221;20px|20px|0px|20px||&#8221; custom_padding_tablet=&#8221;&#8221; custom_padding_phone=&#8221;&#8221; custom_padding_last_edited=&#8221;on|desktop&#8221; link_option_url=&#8221;https:\/\/www.geres.eu\/en\/our-actions\/countries-of-intervention\/benin\/&#8221; custom_css_main_element=&#8221;display: flex;||justify-content: center;||align-items: center;&#8221; text_text_align=&#8221;center&#8221;]<\/p>\n<h3 style=\"text-align: center;\"><strong>Benin<\/strong><\/h3>\n<p>[\/et_pb_text][\/et_pb_column][et_pb_column type=&#8221;1_2&#8243; _builder_version=&#8221;3.25.3&#8243;][et_pb_text _builder_version=&#8221;4.0.6&#8243; text_font=&#8221;||||||||&#8221; text_letter_spacing=&#8221;2px&#8221; header_font=&#8221;||||||||&#8221; header_text_align=&#8221;center&#8221; header_3_font=&#8221;||||||||&#8221; header_3_text_align=&#8221;center&#8221; header_3_text_color=&#8221;#ffffff&#8221; header_3_font_size=&#8221;30px&#8221; header_3_line_height=&#8221;40px&#8221; background_image=&#8221;https:\/\/www.geres.eu\/wp-content\/uploads\/2019\/10\/geres.actualites-des-projets.en-savoir-plus.jpg&#8221; text_orientation=&#8221;center&#8221; min_height=&#8221;223px&#8221; custom_padding=&#8221;20px|20px|0px|20px||&#8221; custom_padding_tablet=&#8221;&#8221; custom_padding_phone=&#8221;&#8221; custom_padding_last_edited=&#8221;on|desktop&#8221; link_option_url=&#8221;https:\/\/www.geres.eu\/en\/news\/projects-news\/&#8221; custom_css_main_element=&#8221;display: flex;||justify-content: center;||align-items: center;&#8221; text_text_align=&#8221;center&#8221;]<\/p>\n<h3><strong>Projects news<\/strong><\/h3>\n<p>[\/et_pb_text][\/et_pb_column][\/et_pb_row][\/et_pb_section][et_pb_section fb_built=&#8221;1&#8243; module_class=&#8221;agir-en-faveur&#8221; _builder_version=&#8221;3.25.3&#8243; background_image=&#8221;https:\/\/www.geres.eu\/wp-content\/uploads\/2019\/07\/Group-14-1-1.svg&#8221; global_module=&#8221;13247&#8243; saved_tabs=&#8221;all&#8221; locked=&#8221;off&#8221;][et_pb_row _builder_version=&#8221;3.25.3&#8243; width=&#8221;90%&#8221; max_width=&#8221;1400px&#8221; custom_padding=&#8221;|20px||20px&#8221;][et_pb_column type=&#8221;4_4&#8243; _builder_version=&#8221;3.25.3&#8243;][et_pb_text _builder_version=&#8221;4.7.7&#8243; text_font=&#8221;||||||||&#8221; header_font=&#8221;||||||||&#8221; header_text_color=&#8221;#ffffff&#8221; header_font_size=&#8221;37px&#8221; header_line_height=&#8221;1.2em&#8221; header_2_font=&#8221;||||||||&#8221; header_3_font=&#8221;||||||||&#8221; header_3_text_align=&#8221;center&#8221; header_3_text_color=&#8221;#ffffff&#8221; header_3_font_size=&#8221;37px&#8221; header_3_line_height=&#8221;1.2em&#8221; header_3_font_size_tablet=&#8221;31px&#8221; header_3_font_size_phone=&#8221;28px&#8221; header_3_font_size_last_edited=&#8221;on|phone&#8221;]<\/p>\n<h3>WOULD YOU LIKE TO TAKE ACTION<br \/> AND <span>SUPPORT WHAT WE DO?<\/span><\/h3>\n<p>[\/et_pb_text][et_pb_text _builder_version=&#8221;4.0.6&#8243; text_font=&#8221;||||||||&#8221; text_text_color=&#8221;#ffffff&#8221; text_font_size=&#8221;20px&#8221; header_font=&#8221;||||||||&#8221; header_text_align=&#8221;center&#8221; text_orientation=&#8221;center&#8221; custom_padding_tablet=&#8221;|20px||20px&#8221; custom_padding_phone=&#8221;&#8221; custom_padding_last_edited=&#8221;on|tablet&#8221; custom_css_main_element=&#8221;display: flex;||justify-content:center;&#8221; text_text_align=&#8221;center&#8221;]<\/p>\n<p style=\"text-align: center;\">Tell us who you are and find your means of action.<\/p>\n<p>[\/et_pb_text][\/et_pb_column][\/et_pb_row][et_pb_row column_structure=&#8221;1_2,1_2&#8243; _builder_version=&#8221;3.25.3&#8243; width=&#8221;90%&#8221; max_width=&#8221;1400px&#8221; custom_margin=&#8221;||0px|&#8221; custom_padding=&#8221;||0px|0px&#8221;][et_pb_column type=&#8221;1_2&#8243; _builder_version=&#8221;3.25.3&#8243;][et_pb_code _builder_version=&#8221;4.0.6&#8243; background_color=&#8221;#ffffff&#8221; text_orientation=&#8221;center&#8221; custom_margin=&#8221;0px|-10px||0px&#8221; custom_padding=&#8221;|0px||0px&#8221;]<\/p>\n<div class=\"perso-onglet\"><!-- [et_pb_line_break_holder] --><!-- [et_pb_line_break_holder] --><\/p>\n<h4><!-- [et_pb_line_break_holder] -->    <strong>CITIZENS<\/strong><!-- [et_pb_line_break_holder] --><\/h4>\n<p><!-- [et_pb_line_break_holder] --><!-- [et_pb_line_break_holder] -->    Because Climate Solidarity is a challenge we face collectively, Geres gives you the possibility to make a difference.<!-- [et_pb_line_break_holder] --><!-- [et_pb_line_break_holder] -->  <a class=\"perso-onglet-button\" href=\"https:\/\/www.geres.eu\/en\/take-action\/citizens\/\">TAKE ACTION AS A CITIZEN<\/a><!-- [et_pb_line_break_holder] --><!-- [et_pb_line_break_holder] --><\/div>\n<p>[\/et_pb_code][\/et_pb_column][et_pb_column type=&#8221;1_2&#8243; _builder_version=&#8221;3.25.3&#8243;][et_pb_code _builder_version=&#8221;4.0.6&#8243; background_color=&#8221;#ffffff&#8221; text_orientation=&#8221;center&#8221; custom_margin=&#8221;|||-10px&#8221;]<\/p>\n<div class=\"perso-onglet\"><!-- [et_pb_line_break_holder] --><!-- [et_pb_line_break_holder] --><\/p>\n<h4><!-- [et_pb_line_break_holder] -->    <strong>PRIVATE SECTOR<\/strong><!-- [et_pb_line_break_holder] --><\/h4>\n<p><!-- [et_pb_line_break_holder] --><!-- [et_pb_line_break_holder] -->    As a business executive, an employee or a customer, you have the power to take action in your everyday life.<!-- [et_pb_line_break_holder] --><!-- [et_pb_line_break_holder] --><!-- [et_pb_line_break_holder] --><a class=\"perso-onglet-button\" href=\"https:\/\/www.geres.eu\/en\/take-action\/private-sector\/\">TAKE ACTION AS A COMPANY<\/a><!-- [et_pb_line_break_holder] --><!-- [et_pb_line_break_holder] --><\/div>\n<p>[\/et_pb_code][\/et_pb_column][\/et_pb_row][et_pb_row column_structure=&#8221;1_2,1_2&#8243; _builder_version=&#8221;3.25.3&#8243; width=&#8221;90%&#8221; max_width=&#8221;1400px&#8221;][et_pb_column type=&#8221;1_2&#8243; _builder_version=&#8221;3.25.3&#8243;][et_pb_code _builder_version=&#8221;4.0.6&#8243; background_color=&#8221;#ffffff&#8221; text_orientation=&#8221;center&#8221; custom_margin=&#8221;|-10px||&#8221;]<\/p>\n<div class=\"perso-onglet\"><!-- [et_pb_line_break_holder] --><!-- [et_pb_line_break_holder] --><\/p>\n<h4><!-- [et_pb_line_break_holder] -->    <strong>LOCAL AND INSTITUTIONAL ACTORS<\/strong><!-- [et_pb_line_break_holder] --><\/h4>\n<p><!-- [et_pb_line_break_holder] --><!-- [et_pb_line_break_holder] -->    Support our actions in France and internationally and become an agent of change at our side.<!-- [et_pb_line_break_holder] --><!-- [et_pb_line_break_holder] --><a class=\"perso-onglet-button\" href=\"https:\/\/www.geres.eu\/en\/take-action\/institutional-local-actors\/\">TAKE ACTION AS AN INSTITUTION<\/a><!-- [et_pb_line_break_holder] --><!-- [et_pb_line_break_holder] --><\/div>\n<p>[\/et_pb_code][\/et_pb_column][et_pb_column type=&#8221;1_2&#8243; _builder_version=&#8221;3.25.3&#8243;][et_pb_code _builder_version=&#8221;4.0.6&#8243; background_color=&#8221;#ffffff&#8221; text_orientation=&#8221;center&#8221; custom_margin=&#8221;|||-10px&#8221;]<\/p>\n<div class=\"perso-onglet\"><!-- [et_pb_line_break_holder] --><!-- [et_pb_line_break_holder] --><\/p>\n<h4><!-- [et_pb_line_break_holder] -->    <strong>FOUNDATIONS<\/strong><!-- [et_pb_line_break_holder] --><\/h4>\n<p><!-- [et_pb_line_break_holder] --><!-- [et_pb_line_break_holder] -->    By supporting Geres, you contribute to the implementation of innovative and concrete actions.<!-- [et_pb_line_break_holder] --><!-- [et_pb_line_break_holder] --><a class=\"perso-onglet-button\" href=\"https:\/\/www.geres.eu\/en\/take-action\/foundations\/\">TAKE ACTION AS A FOUNDATION<\/a><!-- [et_pb_line_break_holder] --><!-- [et_pb_line_break_holder] --><\/div>\n<p>[\/et_pb_code][\/et_pb_column][\/et_pb_row][et_pb_row _builder_version=&#8221;3.25.3&#8243;][et_pb_column type=&#8221;4_4&#8243; _builder_version=&#8221;3.25.3&#8243;][et_pb_code _builder_version=&#8221;4.0.6&#8243; text_orientation=&#8221;center&#8221; link_option_url=&#8221;#&#8221;]<a href=\"https:\/\/www.geres.eu\/en\/take-action\/contact\/\" class=\"contact-override\">OTHER PROFILE? CONTACT US.<\/a>[\/et_pb_code][\/et_pb_column][\/et_pb_row][\/et_pb_section]<\/p>\n","protected":false},"excerpt":{"rendered":"<p><div class=\"et_pb_module diba_header_project diba_header_project_0\">\n\t\t\t\t\n\t\t\t\t\n\t\t\t\t\n\t\t\t\t\n\t\t\t\t\n\t\t\t\t\n\t\t\t\t<div class=\"et_pb_module_inner\">\n\t\t\t\t\t<div class='header_project'>\n\t\t\t\t\t\t<div class='image_project' style='background-image: url()'><\/div>\n\t\t\t\t\t\t<div class='category'>\n\t                        <i class='icon-CAT_WORLD'><\/i>\n\t                        <span><\/span>\n\t\t\t\t\t\t<\/div>\n\t\t\t\t\t\t<h1><\/h1>\n\t\t\t\t   <\/div>\n\t\t\t\t<\/div>\n\t\t\t<\/div><div class=\"et_pb_module bastad_breadcrumb bastad_breadcrumb_0\">\n\t\t\t\t\n\t\t\t\t\n\t\t\t\t\n\t\t\t\t\n\t\t\t\t\n\t\t\t\t\n\t\t\t\t<div class=\"et_pb_module_inner\">\n\t\t\t\t\t<div class='breadcrumb'><span property=\"itemListElement\" typeof=\"ListItem\"><a property=\"item\" typeof=\"WebPage\" title=\"Go to Geres.\" href=\"https:\/\/www.geres.eu\/en\/\" class=\"home\" aria-current=\"page\"><span property=\"name\"><i class=\"home-i\"><\/i><\/span><\/a><meta property=\"position\" content=\"1\"><\/span><\/div>\n\t\t\t\t<\/div>\n\t\t\t<\/div>This project to develop local economic sectors based on biomass energy in the Collines region of Benin is part of the CEMAATERR program, which aims to help reduce the carbon footprint and improve resilience to climate change in rural areas and secondary cities in Asia, West Africa and [&hellip;]<\/p>\n","protected":false},"author":11,"featured_media":7832,"comment_status":"open","ping_status":"closed","template":"","meta":{"_acf_changed":false,"_et_pb_use_builder":"on","_et_pb_old_content":"<!-- wp:divi\/placeholder \/-->","_et_gb_content_width":"","footnotes":""},"project_category":[147],"project_tag":[],"class_list":["post-11614","project","type-project","status-publish","has-post-thumbnail","hentry","project_category-benin-en"],"acf":[],"yoast_head":"<!-- This site is optimized with the Yoast SEO plugin v25.6 - https:\/\/yoast.com\/wordpress\/plugins\/seo\/ -->\n<title>Energy transition and resilience in the Collines district - Geres<\/title>\n<meta name=\"robots\" content=\"index, follow, max-snippet:-1, max-image-preview:large, max-video-preview:-1\" \/>\n<link rel=\"canonical\" href=\"https:\/\/www.geres.eu\/en\/our-actions\/our-projects\/climate-change-development-in-benin\/\" \/>\n<meta property=\"og:locale\" content=\"en_US\" \/>\n<meta property=\"og:type\" content=\"article\" \/>\n<meta property=\"og:title\" content=\"Energy transition and resilience in the Collines district - Geres\" \/>\n<meta property=\"og:description\" content=\"This project to develop local economic sectors based on biomass energy in the Collines region of Benin is part of the CEMAATERR program, which aims to help reduce the carbon footprint and improve resilience to climate change in rural areas and secondary cities in Asia, West Africa and [&hellip;]\" \/>\n<meta property=\"og:url\" content=\"https:\/\/www.geres.eu\/en\/our-actions\/our-projects\/climate-change-development-in-benin\/\" \/>\n<meta property=\"og:site_name\" content=\"Geres\" \/>\n<meta property=\"article:publisher\" content=\"https:\/\/www.facebook.com\/geres.asso\/\" \/>\n<meta property=\"article:modified_time\" content=\"2021-08-13T12:59:59+00:00\" \/>\n<meta property=\"og:image\" content=\"https:\/\/www.geres.eu\/wp-content\/uploads\/2019\/11\/geres.projets.benin_.territoires-collines-3.jpg\" \/>\n\t<meta property=\"og:image:width\" content=\"1300\" \/>\n\t<meta property=\"og:image:height\" content=\"590\" \/>\n\t<meta property=\"og:image:type\" content=\"image\/jpeg\" \/>\n<meta name=\"twitter:card\" content=\"summary_large_image\" \/>\n<meta name=\"twitter:site\" content=\"@Geres_fr\" \/>\n<meta name=\"twitter:label1\" content=\"Est. reading time\" \/>\n\t<meta name=\"twitter:data1\" content=\"11 minutes\" \/>\n<script type=\"application\/ld+json\" class=\"yoast-schema-graph\">{\"@context\":\"https:\/\/schema.org\",\"@graph\":[{\"@type\":\"WebPage\",\"@id\":\"https:\/\/www.geres.eu\/en\/our-actions\/our-projects\/climate-change-development-in-benin\/\",\"url\":\"https:\/\/www.geres.eu\/en\/our-actions\/our-projects\/climate-change-development-in-benin\/\",\"name\":\"Energy transition and resilience in the Collines district - Geres\",\"isPartOf\":{\"@id\":\"https:\/\/www.geres.eu\/en\/#website\"},\"primaryImageOfPage\":{\"@id\":\"https:\/\/www.geres.eu\/en\/our-actions\/our-projects\/climate-change-development-in-benin\/#primaryimage\"},\"image\":{\"@id\":\"https:\/\/www.geres.eu\/en\/our-actions\/our-projects\/climate-change-development-in-benin\/#primaryimage\"},\"thumbnailUrl\":\"https:\/\/www.geres.eu\/wp-content\/uploads\/2019\/11\/geres.projets.benin_.territoires-collines-3.jpg\",\"datePublished\":\"2019-12-16T10:39:15+00:00\",\"dateModified\":\"2021-08-13T12:59:59+00:00\",\"breadcrumb\":{\"@id\":\"https:\/\/www.geres.eu\/en\/our-actions\/our-projects\/climate-change-development-in-benin\/#breadcrumb\"},\"inLanguage\":\"en-US\",\"potentialAction\":[{\"@type\":\"ReadAction\",\"target\":[\"https:\/\/www.geres.eu\/en\/our-actions\/our-projects\/climate-change-development-in-benin\/\"]}]},{\"@type\":\"ImageObject\",\"inLanguage\":\"en-US\",\"@id\":\"https:\/\/www.geres.eu\/en\/our-actions\/our-projects\/climate-change-development-in-benin\/#primaryimage\",\"url\":\"https:\/\/www.geres.eu\/wp-content\/uploads\/2019\/11\/geres.projets.benin_.territoires-collines-3.jpg\",\"contentUrl\":\"https:\/\/www.geres.eu\/wp-content\/uploads\/2019\/11\/geres.projets.benin_.territoires-collines-3.jpg\",\"width\":1300,\"height\":590},{\"@type\":\"BreadcrumbList\",\"@id\":\"https:\/\/www.geres.eu\/en\/our-actions\/our-projects\/climate-change-development-in-benin\/#breadcrumb\",\"itemListElement\":[{\"@type\":\"ListItem\",\"position\":1,\"name\":\"Home\",\"item\":\"https:\/\/www.geres.eu\/en\/\"},{\"@type\":\"ListItem\",\"position\":2,\"name\":\"Energy transition and resilience in the Collines district\"}]},{\"@type\":\"WebSite\",\"@id\":\"https:\/\/www.geres.eu\/en\/#website\",\"url\":\"https:\/\/www.geres.eu\/en\/\",\"name\":\"Geres\",\"description\":\"Acting for climate solidarity\",\"publisher\":{\"@id\":\"https:\/\/www.geres.eu\/en\/#organization\"},\"potentialAction\":[{\"@type\":\"SearchAction\",\"target\":{\"@type\":\"EntryPoint\",\"urlTemplate\":\"https:\/\/www.geres.eu\/en\/?s={search_term_string}\"},\"query-input\":{\"@type\":\"PropertyValueSpecification\",\"valueRequired\":true,\"valueName\":\"search_term_string\"}}],\"inLanguage\":\"en-US\"},{\"@type\":\"Organization\",\"@id\":\"https:\/\/www.geres.eu\/en\/#organization\",\"name\":\"Geres\",\"url\":\"https:\/\/www.geres.eu\/en\/\",\"logo\":{\"@type\":\"ImageObject\",\"inLanguage\":\"en-US\",\"@id\":\"https:\/\/www.geres.eu\/en\/#\/schema\/logo\/image\/\",\"url\":\"https:\/\/www.geres.eu\/wp-content\/uploads\/2019\/10\/geres-logo-fr.png\",\"contentUrl\":\"https:\/\/www.geres.eu\/wp-content\/uploads\/2019\/10\/geres-logo-fr.png\",\"width\":139,\"height\":92,\"caption\":\"Geres\"},\"image\":{\"@id\":\"https:\/\/www.geres.eu\/en\/#\/schema\/logo\/image\/\"},\"sameAs\":[\"https:\/\/www.facebook.com\/geres.asso\/\",\"https:\/\/x.com\/Geres_fr\",\"https:\/\/fr.linkedin.com\/company\/geres\",\"https:\/\/www.youtube.com\/channel\/UCDAYdJgGXWW6kmtSeEuhNIQ\",\"https:\/\/fr.wikipedia.org\/wiki\/Geres\"]}]}<\/script>\n<!-- \/ Yoast SEO plugin. -->","yoast_head_json":{"title":"Energy transition and resilience in the Collines district - Geres","robots":{"index":"index","follow":"follow","max-snippet":"max-snippet:-1","max-image-preview":"max-image-preview:large","max-video-preview":"max-video-preview:-1"},"canonical":"https:\/\/www.geres.eu\/en\/our-actions\/our-projects\/climate-change-development-in-benin\/","og_locale":"en_US","og_type":"article","og_title":"Energy transition and resilience in the Collines district - Geres","og_description":"This project to develop local economic sectors based on biomass energy in the Collines region of Benin is part of the CEMAATERR program, which aims to help reduce the carbon footprint and improve resilience to climate change in rural areas and secondary cities in Asia, West Africa and [&hellip;]","og_url":"https:\/\/www.geres.eu\/en\/our-actions\/our-projects\/climate-change-development-in-benin\/","og_site_name":"Geres","article_publisher":"https:\/\/www.facebook.com\/geres.asso\/","article_modified_time":"2021-08-13T12:59:59+00:00","og_image":[{"width":1300,"height":590,"url":"https:\/\/www.geres.eu\/wp-content\/uploads\/2019\/11\/geres.projets.benin_.territoires-collines-3.jpg","type":"image\/jpeg"}],"twitter_card":"summary_large_image","twitter_site":"@Geres_fr","twitter_misc":{"Est. reading time":"11 minutes"},"schema":{"@context":"https:\/\/schema.org","@graph":[{"@type":"WebPage","@id":"https:\/\/www.geres.eu\/en\/our-actions\/our-projects\/climate-change-development-in-benin\/","url":"https:\/\/www.geres.eu\/en\/our-actions\/our-projects\/climate-change-development-in-benin\/","name":"Energy transition and resilience in the Collines district - Geres","isPartOf":{"@id":"https:\/\/www.geres.eu\/en\/#website"},"primaryImageOfPage":{"@id":"https:\/\/www.geres.eu\/en\/our-actions\/our-projects\/climate-change-development-in-benin\/#primaryimage"},"image":{"@id":"https:\/\/www.geres.eu\/en\/our-actions\/our-projects\/climate-change-development-in-benin\/#primaryimage"},"thumbnailUrl":"https:\/\/www.geres.eu\/wp-content\/uploads\/2019\/11\/geres.projets.benin_.territoires-collines-3.jpg","datePublished":"2019-12-16T10:39:15+00:00","dateModified":"2021-08-13T12:59:59+00:00","breadcrumb":{"@id":"https:\/\/www.geres.eu\/en\/our-actions\/our-projects\/climate-change-development-in-benin\/#breadcrumb"},"inLanguage":"en-US","potentialAction":[{"@type":"ReadAction","target":["https:\/\/www.geres.eu\/en\/our-actions\/our-projects\/climate-change-development-in-benin\/"]}]},{"@type":"ImageObject","inLanguage":"en-US","@id":"https:\/\/www.geres.eu\/en\/our-actions\/our-projects\/climate-change-development-in-benin\/#primaryimage","url":"https:\/\/www.geres.eu\/wp-content\/uploads\/2019\/11\/geres.projets.benin_.territoires-collines-3.jpg","contentUrl":"https:\/\/www.geres.eu\/wp-content\/uploads\/2019\/11\/geres.projets.benin_.territoires-collines-3.jpg","width":1300,"height":590},{"@type":"BreadcrumbList","@id":"https:\/\/www.geres.eu\/en\/our-actions\/our-projects\/climate-change-development-in-benin\/#breadcrumb","itemListElement":[{"@type":"ListItem","position":1,"name":"Home","item":"https:\/\/www.geres.eu\/en\/"},{"@type":"ListItem","position":2,"name":"Energy transition and resilience in the Collines district"}]},{"@type":"WebSite","@id":"https:\/\/www.geres.eu\/en\/#website","url":"https:\/\/www.geres.eu\/en\/","name":"Geres","description":"Acting for climate solidarity","publisher":{"@id":"https:\/\/www.geres.eu\/en\/#organization"},"potentialAction":[{"@type":"SearchAction","target":{"@type":"EntryPoint","urlTemplate":"https:\/\/www.geres.eu\/en\/?s={search_term_string}"},"query-input":{"@type":"PropertyValueSpecification","valueRequired":true,"valueName":"search_term_string"}}],"inLanguage":"en-US"},{"@type":"Organization","@id":"https:\/\/www.geres.eu\/en\/#organization","name":"Geres","url":"https:\/\/www.geres.eu\/en\/","logo":{"@type":"ImageObject","inLanguage":"en-US","@id":"https:\/\/www.geres.eu\/en\/#\/schema\/logo\/image\/","url":"https:\/\/www.geres.eu\/wp-content\/uploads\/2019\/10\/geres-logo-fr.png","contentUrl":"https:\/\/www.geres.eu\/wp-content\/uploads\/2019\/10\/geres-logo-fr.png","width":139,"height":92,"caption":"Geres"},"image":{"@id":"https:\/\/www.geres.eu\/en\/#\/schema\/logo\/image\/"},"sameAs":["https:\/\/www.facebook.com\/geres.asso\/","https:\/\/x.com\/Geres_fr","https:\/\/fr.linkedin.com\/company\/geres","https:\/\/www.youtube.com\/channel\/UCDAYdJgGXWW6kmtSeEuhNIQ","https:\/\/fr.wikipedia.org\/wiki\/Geres"]}]}},"_links":{"self":[{"href":"https:\/\/www.geres.eu\/en\/wp-json\/wp\/v2\/project\/11614"}],"collection":[{"href":"https:\/\/www.geres.eu\/en\/wp-json\/wp\/v2\/project"}],"about":[{"href":"https:\/\/www.geres.eu\/en\/wp-json\/wp\/v2\/types\/project"}],"author":[{"embeddable":true,"href":"https:\/\/www.geres.eu\/en\/wp-json\/wp\/v2\/users\/11"}],"replies":[{"embeddable":true,"href":"https:\/\/www.geres.eu\/en\/wp-json\/wp\/v2\/comments?post=11614"}],"version-history":[{"count":21,"href":"https:\/\/www.geres.eu\/en\/wp-json\/wp\/v2\/project\/11614\/revisions"}],"predecessor-version":[{"id":23986,"href":"https:\/\/www.geres.eu\/en\/wp-json\/wp\/v2\/project\/11614\/revisions\/23986"}],"wp:featuredmedia":[{"embeddable":true,"href":"https:\/\/www.geres.eu\/en\/wp-json\/wp\/v2\/media\/7832"}],"wp:attachment":[{"href":"https:\/\/www.geres.eu\/en\/wp-json\/wp\/v2\/media?parent=11614"}],"wp:term":[{"taxonomy":"project_category","embeddable":true,"href":"https:\/\/www.geres.eu\/en\/wp-json\/wp\/v2\/project_category?post=11614"},{"taxonomy":"project_tag","embeddable":true,"href":"https:\/\/www.geres.eu\/en\/wp-json\/wp\/v2\/project_tag?post=11614"}],"curies":[{"name":"wp","href":"https:\/\/api.w.org\/{rel}","templated":true}]}}