{"id":11728,"date":"2019-12-17T10:14:23","date_gmt":"2019-12-17T09:14:23","guid":{"rendered":"https:\/\/www.geres.eu\/nos-actions\/nos-projets\/passive-solare-greenhouses-in-mongolia\/"},"modified":"2021-02-11T09:38:34","modified_gmt":"2021-02-11T08:38:34","slug":"passive-solar-greenhouses-in-mongolia","status":"publish","type":"project","link":"https:\/\/www.geres.eu\/en\/our-actions\/our-projects\/passive-solar-greenhouses-in-mongolia\/","title":{"rendered":"Passive Solar Greenhouses in Mongolia"},"content":{"rendered":"<p>[et_pb_section fb_built=&#8221;1&#8243; fullwidth=&#8221;on&#8221; _builder_version=&#8221;3.25.3&#8243;][diba_header_project _builder_version=&#8221;3.25.3&#8243; width=&#8221;1400px&#8221; max_width=&#8221;100%&#8221; module_alignment=&#8221;center&#8221; height=&#8221;546px&#8221; custom_padding=&#8221;||0px|||&#8221;][\/diba_header_project][\/et_pb_section][et_pb_section fb_built=&#8221;1&#8243; _builder_version=&#8221;3.25.3&#8243; custom_padding=&#8221;0px||0px|||&#8221;][et_pb_row _builder_version=&#8221;3.25.3&#8243; width=&#8221;100%&#8221; max_width=&#8221;1400px&#8221; module_alignment=&#8221;center&#8221; custom_margin=&#8221;|||&#8221; custom_margin_tablet=&#8221;&#8221; custom_margin_phone=&#8221;&#8221; custom_margin_last_edited=&#8221;on|desktop&#8221; custom_padding=&#8221;|10px|0px|10px||&#8221; locked=&#8221;off&#8221;][et_pb_column type=&#8221;4_4&#8243; _builder_version=&#8221;3.25.3&#8243;][bastad_breadcrumb _builder_version=&#8221;3.25.3&#8243;][\/bastad_breadcrumb][\/et_pb_column][\/et_pb_row][et_pb_row _builder_version=&#8221;3.25.3&#8243; width=&#8221;100%&#8221; max_width=&#8221;1400px&#8221; custom_padding=&#8221;0px||12px|||&#8221; locked=&#8221;off&#8221;][et_pb_column type=&#8221;4_4&#8243; _builder_version=&#8221;3.25.3&#8243;][et_pb_text module_class=&#8221;introduction-guide&#8221; _builder_version=&#8221;3.27.4&#8243; text_font=&#8221;||||||||&#8221; text_text_color=&#8221;#000000&#8243; text_font_size=&#8221;24px&#8221; text_line_height=&#8221;1.8em&#8221; link_font=&#8221;||||||||&#8221; ul_font=&#8221;||||||||&#8221; ol_font=&#8221;||||||||&#8221; header_font=&#8221;||||||||&#8221; header_font_size=&#8221;29px&#8221; background_color=&#8221;#ffffff&#8221; background_image=&#8221;https:\/\/www.geres.eu\/wp-content\/uploads\/2019\/07\/BG-4.jpg&#8221; custom_padding=&#8221;50px|84px|50px|65px||&#8221; custom_padding_tablet=&#8221;40px|50px|40px|50px&#8221; custom_padding_phone=&#8221;|40px||40px&#8221; custom_padding_last_edited=&#8221;on|phone&#8221; text_font_size_tablet=&#8221;17px&#8221; text_font_size_phone=&#8221;17px&#8221; text_font_size_last_edited=&#8221;on|phone&#8221;]<\/p>\n<p style=\"text-align: center;\">Since 2010, Le Geres has been supporting the inhabitants of rural areas in Mongolia in the construction of bioclimatic greenhouses. Without the help of photovoltaic panels, these greenhouses use the light resource that is abundant in the country.<\/p>\n<p>[\/et_pb_text][\/et_pb_column][\/et_pb_row][\/et_pb_section][et_pb_section fb_built=&#8221;1&#8243; custom_padding_last_edited=&#8221;on|tablet&#8221; _builder_version=&#8221;3.25.3&#8243; custom_padding=&#8221;0px||0px|||&#8221; custom_padding_tablet=&#8221;|20px||20px&#8221; custom_padding_phone=&#8221;&#8221; locked=&#8221;off&#8221;][et_pb_row module_class=&#8221;content-page-article&#8221; _builder_version=&#8221;3.25.3&#8243; width=&#8221;100%&#8221; max_width=&#8221;768px&#8221; module_alignment=&#8221;center&#8221; custom_padding=&#8221;5px|||||&#8221; saved_tabs=&#8221;all&#8221; locked=&#8221;off&#8221;][et_pb_column type=&#8221;4_4&#8243; _builder_version=&#8221;3.25.3&#8243;][et_pb_text _builder_version=&#8221;4.0.6&#8243; header_font=&#8221;||||||||&#8221; header_2_font=&#8221;||||||||&#8221; header_2_line_height=&#8221;1.3em&#8221; custom_margin=&#8221;||46px|||&#8221; custom_padding=&#8221;0px|0px||0px||&#8221; custom_padding_tablet=&#8221;|0px||0px&#8221; custom_padding_phone=&#8221;&#8221; custom_padding_last_edited=&#8221;on|tablet&#8221;]<\/p>\n<h2 class=\"p1\"><span class=\"s1\">Context and challenges<\/span><\/h2>\n<p><strong>In Mongolia, passive solar greenhouses start their first agricultural season with success.<\/strong><\/p>\n<p>Mongolia is a peculiar country. Far away from ocean, Mongolia extends upon vast steppes lined with imposing mountains, where an extreme continental climate is dictating the rules. Cold weather intensified by strong wind and very low precipitations are making this country an incredibly hostile land towards any human activities.<\/p>\n<p>Agriculture has always been a huge technical challenge. Temperatures are extreme during winter and cold season lasts very long. During the coldest times, in January and February, average temperatures fluctuate between -20\u00b0C and -30\u00b0C (until -40\u00b0C). In order to compare, average temperatures in Leh for the same period are between -3\u00b0C and -14\u00b0C, with a minimum of -25\u00b0C. During more than six months, temperatures are not exceeding 0\u00b0C. For consequence, the growing season is very short : 100 to 150 days annually.<\/p>\n<p>However, Mongolia is also the \u201cBlue Sky Country\u201d with more than 250 days of sunshine each year. This represents a great opportunity regarding passive solar techniques and more especially passive solar greenhouses (PSGH).<\/p>\n<p>Mongolians\u2019 diet is little diversified and suffers from deficiencies. It is essentially based on meat and dairy products because of the old \u2013 nevertheless still very present \u2013 nomad-breeders tradition. Vegetables consumption is very low (1\/4 of the WHO recommended quantity) and it is in fact essentially potatoes.<\/p>\n<p>[\/et_pb_text][et_pb_image src=&#8221;https:\/\/www.geres.eu\/wp-content\/uploads\/2019\/10\/20130314170657-ee695a99.jpg&#8221; _builder_version=&#8221;3.25.3&#8243; custom_margin=&#8221;||46px|||&#8221;][\/et_pb_image][et_pb_text _builder_version=&#8221;4.0.6&#8243; min_height=&#8221;1032px&#8221; custom_margin=&#8221;18px|||||&#8221;]<\/p>\n<h2 class=\"p1\"><span class=\"s1\">The Solar Passive Greenhouses project<\/span><\/h2>\n<p><strong><span class=\"s1\">The food security plan\u2019s objective (2010-2013) lead by the consortium Secours Catholique\/Caritas Mongolia and Geres is to develop more efficient and diversified ways to grow vegetables at household level in order to reduce food insecurity which affects the most vulnerable families (1,000 families in Ulaanbaatar and in Gobi-Altai province).<\/span><\/strong><\/p>\n<p><span class=\"s1\">Activities are intended to develop, implement and diffuse passive solar greenhouses (180 greenhouses and 75 nurseries), improved techniques of soil and water management and bioclimatic cellars (100 cellars).<\/span><\/p>\n<p><span class=\"s1\">Geres is bringing its technical expertise to the local partner during the first research and development phase on these 3 techniques.<\/span><\/p>\n<p><span class=\"s1\">New passive solar greenhouses designs have been developed for peri-urban areas of Ulaanbaatar.<\/span><\/p>\n<p><span class=\"s1\">In Autumn 2010, a Research and Display Center has been built in the middle of a yurt area. This Center counts 2 research greenhouses (with a more efficient design regarding thermal technology), a display family greenhouse designed to be diffused to beneficiaries and 2 nurseries.<\/span><\/p>\n<p><span class=\"s1\">In this early spring, greenhouses are starting their first full growing season. Thermal and agronomic performances tested since last autumn are revealing first results that meet our expectations.<\/span><\/p>\n<p><span class=\"s1\">Research greenhouses can be used from late February to early December. Growing season can be extended to 12 months for bulb vegetables which can spend the winter in soil with a revival in February. We have to keep in mind that atmospheric pollution in Ulaanbaatar reduce winter solar radiations.<\/span><\/p>\n<p><span class=\"s1\">Family greenhouses can be used from mid-March for direct hardy vegetables seedling (radish, lettuce, turnip, spinach). These cultivations have a good germination even with low soil temperatures (5\/7\u00b0C) and can withstand light negative night temperatures.<\/span><\/p>\n<p><span class=\"s1\">Family greenhouses can be used from the 1st of April for sensitive vegetables\/fruits transplantation (tomatoes, cucumber, sweet pepper). There is no more risk regarding night frost (felt can be used to protect plants in case of chill) and temperature becomes favourable to their growth (higher than 18\u00b0C). At this date, greenhouses generally used in Ulaanbaatar are frozen and start to be used from mid-May.<\/span><\/p>\n<p><span class=\"s1\">Spring is a critical period regarding food security ; thanks to these greenhouses, Ulaanbaatar families will be able to consume fresh and nutritive vegetables starting from mid-April (short-cycle vegetables : radish\/lettuce).<\/span><\/p>\n<h2><span class=\"s2\">Prospects<\/span><span class=\"s3\"><b><br \/> <\/b><\/span><\/h2>\n<p><span class=\"s5\">Thermal results will allow us to compare the different designs performances and suggest relevant optimizations. The main objective for 2011 as regards to agronomic experimentations is to suggest a new schedule for farmers, which will be adapted to this longer cultivation season, in order to make a better use of the opportunity offered by the passive solar greenhouses. Passive Solar Greenhouses represent a new technology in Mongolia and have aroused a big interest from Non-Governmental Organizations (NGOs) as well as governmental ones, since the project beginning. That shows promise for this resource\u2019s development in the country.<\/span><\/p>\n<h2 class=\"p1\"><span class=\"s1\">Partners<\/span><\/h2>\n<p class=\"p5\"><span class=\"s1\"><\/span><span class=\"s3\"><b>Technical partners<br \/><\/b><\/span><\/p>\n<ul class=\"ul2\">\n<li class=\"li4\"><span class=\"s4\"><\/span><span class=\"s3\">Arkhangai Herders Federation<br \/><\/span><\/li>\n<li class=\"li4\"><span class=\"s2\"><\/span><span class=\"s3\">AVSF &#8211; Agronomes et V\u00e9t\u00e9rinaires Sans Fronti\u00e8re<\/span><\/li>\n<li class=\"li4\"><span class=\"s2\"><\/span><span class=\"s3\">Arkhangai Government<br \/><\/span><\/li>\n<li class=\"li4\"><span class=\"s2\"><\/span><span class=\"s3\">Food and Light Industry Government of Gobi-Altai province<\/span><\/li>\n<li class=\"li4\"><span class=\"s2\"><\/span><span class=\"s3\">Secours Catholique<\/span><\/li>\n<li class=\"li4\"><span class=\"s2\"><\/span><span class=\"s3\">Caritas Mongolia<\/span><\/li>\n<\/ul>\n<p class=\"p3\"><span class=\"s3\"><b>Financial partners<br \/><\/b><\/span><\/p>\n<ul class=\"ul2\">\n<li class=\"li4\"><span class=\"s4\"><\/span><span class=\"s3\">European Union<br \/><\/span><\/li>\n<li class=\"li4\"><span class=\"s2\"><\/span><span class=\"s3\">DCI Monaco<br \/><\/span><\/li>\n<li class=\"li4\"><span class=\"s2\"><\/span><span class=\"s3\">Humus Endowment Fund<br \/><\/span><\/li>\n<li class=\"li4\"><span class=\"s2\"><\/span><span class=\"s3\">Synergie Dolaire Endowment Fund<br \/><\/span><\/li>\n<\/ul>\n<p>[\/et_pb_text][et_pb_text _builder_version=&#8221;4.0.6&#8243;]<\/p>\n<p><span><\/span><\/p>\n<p><span><\/span><\/p>\n<h2><span>WATCH THE PROJECT VIDEO<\/span><\/h2>\n<p><strong>Passive Solare Greenhouses in Mongolia<\/strong><\/p>\n<p>[\/et_pb_text][et_pb_video src=&#8221;https:\/\/youtu.be\/r8OokQaPzlA&#8221; _builder_version=&#8221;4.0.6&#8243;][\/et_pb_video][\/et_pb_column][\/et_pb_row][\/et_pb_section][et_pb_section fb_built=&#8221;1&#8243; disabled_on=&#8221;on|on|on&#8221; _builder_version=&#8221;3.25.3&#8243; custom_margin=&#8221;-4px|||||&#8221; custom_padding=&#8221;|20px||20px&#8221; border_width_top=&#8221;1px&#8221; border_color_top=&#8221;rgba(92,122,153,0.25)&#8221; border_width_bottom=&#8221;1px&#8221; border_color_bottom=&#8221;rgba(92,122,153,0.25)&#8221; disabled=&#8221;on&#8221; locked=&#8221;off&#8221;][et_pb_row _builder_version=&#8221;3.25.3&#8243;][et_pb_column type=&#8221;4_4&#8243; _builder_version=&#8221;3.25.3&#8243;][et_pb_text _builder_version=&#8221;3.25.3&#8243; text_font=&#8221;||||||||&#8221; text_text_color=&#8221;#ffffff&#8221; header_font=&#8221;||||||||&#8221; header_text_align=&#8221;center&#8221; header_text_color=&#8221;#ffffff&#8221; header_2_font=&#8221;||||||||&#8221; header_2_text_color=&#8221;#ffffff&#8221; header_2_font_size=&#8221;40px&#8221; text_orientation=&#8221;center&#8221; custom_margin=&#8221;||10px&#8221; custom_padding=&#8221;||0px&#8221; custom_css_main_element=&#8221;display: flex;||justify-content: center;&#8221; text_text_align=&#8221;center&#8221;]<\/p>\n<h2 style=\"text-align: center;\"><span style=\"color: #000000;\"><b>PROJECT&#8217;S PARTNERS<\/b><\/span><\/h2>\n<p>[\/et_pb_text][et_pb_divider color=&#8221;#ffb622&#8243; divider_weight=&#8221;4px&#8221; _builder_version=&#8221;3.25.3&#8243; width=&#8221;8%&#8221; module_alignment=&#8221;center&#8221;][\/et_pb_divider][\/et_pb_column][\/et_pb_row][et_pb_row column_structure=&#8221;1_3,1_3,1_3&#8243; _builder_version=&#8221;3.25.3&#8243; width=&#8221;100%&#8221; max_width=&#8221;952px&#8221; custom_padding=&#8221;|||||&#8221; locked=&#8221;off&#8221;][et_pb_column type=&#8221;1_3&#8243; _builder_version=&#8221;3.25.3&#8243;][diba_content_popup image=&#8221;https:\/\/www.geres.eu\/wp-content\/uploads\/2019\/07\/AFD.png&#8221; hover_content=&#8221;<\/p>\n<h3>Agence Fran\u00e7aise de d\u00e9veloppement<\/h3>\n<p><a href=%22#%22 class=%22know-more black%22><i class=%22icon-arrow_right%22><\/i><span>En savoir plus<\/span><\/a><\/p>\n<p>&#8221; more_content=&#8221;You will want to bring down your image file size right down to the point before you notice a drop in quality. <strong>This is done through image compression. Most photo editors, plugins, and sites<\/strong> like tinypng.com compress images using lossless compression (which shrinks the image file without losing any image quality) and smart lossy compression (which decreases the size of the image file by reducing metadata and image quality in a way that isn\u2019t really noticeable by the user).<\/p>\n<p><a href=%22#%22 class=%22know-more black%22><i class=%22icon-arrow_right%22><\/i><span>En savoir plus<\/span><\/a><\/p>\n<p><span class=%22certified%22><img src=%22https:\/\/www.geres.eu\/wp-content\/uploads\/2019\/07\/certified.svg%22 width=%22undefined%22 height=%22undefined%22 alt=%22%22 class=%22wp-image-2139 alignnone size-large%22 \/><span class=%22infos%22><span>Engag\u00e9 pour la solidarit\u00e9 climatique<\/span><a href=%22#%22>En savoir plus<\/a><\/span><\/span>&#8221; _builder_version=&#8221;3.25.3&#8243;][\/diba_content_popup][\/et_pb_column][et_pb_column type=&#8221;1_3&#8243; _builder_version=&#8221;3.25.3&#8243;][diba_content_popup image=&#8221;https:\/\/www.geres.eu\/wp-content\/uploads\/2019\/07\/AFD.png&#8221; hover_content=&#8221;<\/p>\n<h3>Agence Fran\u00e7aise de d\u00e9veloppement<\/h3>\n<p><a href=%22#%22 class=%22know-more black%22><i class=%22icon-arrow_right%22><\/i><span>En savoir plus<\/span><\/a><\/p>\n<p>&#8221; more_content=&#8221;You will want to bring down your image file size right down to the point before you notice a drop in quality. <strong>This is done through image compression. Most photo editors, plugins, and sites<\/strong> like tinypng.com compress images using lossless compression (which shrinks the image file without losing any image quality) and smart lossy compression (which decreases the size of the image file by reducing metadata and image quality in a way that isn\u2019t really noticeable by the user).<\/p>\n<p><a href=%22#%22 class=%22know-more black%22><i class=%22icon-arrow_right%22><\/i><span>En savoir plus<\/span><\/a><\/p>\n<p><span class=%22certified%22><img src=%22https:\/\/www.geres.eu\/wp-content\/uploads\/2019\/07\/certified.svg%22 width=%22undefined%22 height=%22undefined%22 alt=%22%22 class=%22wp-image-2139 alignnone size-large%22 \/><span class=%22infos%22><span>Engag\u00e9 pour la solidarit\u00e9 climatique<\/span><a href=%22#%22>En savoir plus<\/a><\/span><\/span>&#8221; _builder_version=&#8221;3.25.3&#8243;][\/diba_content_popup][\/et_pb_column][et_pb_column type=&#8221;1_3&#8243; _builder_version=&#8221;3.25.3&#8243;][diba_content_popup image=&#8221;https:\/\/www.geres.eu\/wp-content\/uploads\/2019\/07\/AFD.png&#8221; hover_content=&#8221;<\/p>\n<h3>Agence Fran\u00e7aise de d\u00e9veloppement<\/h3>\n<p><a href=%22#%22 class=%22know-more black%22><i class=%22icon-arrow_right%22><\/i><span>En savoir plus<\/span><\/a><\/p>\n<p>&#8221; more_content=&#8221;You will want to bring down your image file size right down to the point before you notice a drop in quality. <strong>This is done through image compression. Most photo editors, plugins, and sites<\/strong> like tinypng.com compress images using lossless compression (which shrinks the image file without losing any image quality) and smart lossy compression (which decreases the size of the image file by reducing metadata and image quality in a way that isn\u2019t really noticeable by the user).<\/p>\n<p><a href=%22#%22 class=%22know-more black%22><i class=%22icon-arrow_right%22><\/i><span>En savoir plus<\/span><\/a><\/p>\n<p><span class=%22certified%22><img src=%22https:\/\/www.geres.eu\/wp-content\/uploads\/2019\/07\/certified.svg%22 width=%22undefined%22 height=%22undefined%22 alt=%22%22 class=%22wp-image-2139 alignnone size-large%22 \/><span class=%22infos%22><span>Engag\u00e9 pour la solidarit\u00e9 climatique<\/span><a href=%22#%22>En savoir plus<\/a><\/span><\/span>&#8221; _builder_version=&#8221;3.25.3&#8243;][\/diba_content_popup][\/et_pb_column][\/et_pb_row][\/et_pb_section][et_pb_section fb_built=&#8221;1&#8243; disabled_on=&#8221;on|on|on&#8221; _builder_version=&#8221;3.25.3&#8243; disabled=&#8221;on&#8221;][et_pb_row _builder_version=&#8221;3.25.3&#8243; custom_padding=&#8221;|20px||20px&#8221;][et_pb_column type=&#8221;4_4&#8243; _builder_version=&#8221;3.25.3&#8243;][et_pb_text _builder_version=&#8221;3.25.3&#8243; text_font=&#8221;||||||||&#8221; text_text_color=&#8221;#ffffff&#8221; header_font=&#8221;||||||||&#8221; header_text_align=&#8221;center&#8221; header_text_color=&#8221;#ffffff&#8221; header_2_font=&#8221;||||||||&#8221; header_2_text_color=&#8221;#ffffff&#8221; header_2_font_size=&#8221;40px&#8221; text_orientation=&#8221;center&#8221; custom_margin=&#8221;||10px&#8221; custom_padding=&#8221;||0px|||&#8221; custom_css_main_element=&#8221;display: flex;||justify-content: center;&#8221; text_text_align=&#8221;center&#8221; locked=&#8221;off&#8221;]<\/p>\n<h2 style=\"text-align: center;\"><span color=\"#000000\" style=\"color: #000000;\"><b>PROJECT NEWS<\/b><\/span><\/h2>\n<p>[\/et_pb_text][et_pb_divider color=&#8221;#ffb622&#8243; divider_weight=&#8221;4px&#8221; _builder_version=&#8221;3.25.3&#8243; width=&#8221;8%&#8221; module_alignment=&#8221;center&#8221; locked=&#8221;off&#8221;][\/et_pb_divider][\/et_pb_column][\/et_pb_row][et_pb_row module_class=&#8221;actualite-projets-list actualite-list&#8221; _builder_version=&#8221;3.25.3&#8243; width=&#8221;90%&#8221; max_width=&#8221;1400px&#8221; custom_padding=&#8221;0px||0px|||&#8221;][et_pb_column type=&#8221;4_4&#8243; _builder_version=&#8221;3.25.3&#8243;][et_pb_dpfilterable_blog posts_number=&#8221;3&#8243; include_categories=&#8221;49&#8243; include_tags=&#8221;50&#8243; show_categories=&#8221;off&#8221; show_date=&#8221;on&#8221; meta_date=&#8221;j M Y&#8221; show_excerpt=&#8221;on&#8221; show_pagination=&#8221;off&#8221; _builder_version=&#8221;3.25.3&#8243;][\/et_pb_dpfilterable_blog][\/et_pb_column][\/et_pb_row][et_pb_row _builder_version=&#8221;3.25.3&#8243; custom_padding=&#8221;0px||0px|||&#8221;][et_pb_column type=&#8221;4_4&#8243; _builder_version=&#8221;3.25.3&#8243;][et_pb_button button_url=&#8221;\/project-news&#8221; button_text=&#8221;All our news&#8221; button_alignment=&#8221;center&#8221; _builder_version=&#8221;3.25.3&#8243; custom_button=&#8221;on&#8221; button_text_size=&#8221;14px&#8221; button_text_color=&#8221;#000000&#8243; button_border_color=&#8221;#fcbf01&#8243; button_font=&#8221;|700||on|||||&#8221; custom_padding=&#8221;12px|25px|12px|25px&#8221;][\/et_pb_button][\/et_pb_column][\/et_pb_row][\/et_pb_section][et_pb_section fb_built=&#8221;1&#8243; custom_padding_last_edited=&#8221;on|tablet&#8221; disabled_on=&#8221;on|on|on&#8221; _builder_version=&#8221;3.25.3&#8243; custom_margin=&#8221;12px|||||&#8221; custom_padding=&#8221;17px||37px|||&#8221; custom_padding_tablet=&#8221;|20px||20px&#8221; custom_padding_phone=&#8221;&#8221; border_width_top=&#8221;1px&#8221; border_color_top=&#8221;rgba(92,122,153,0.25)&#8221; border_width_bottom=&#8221;1px&#8221; border_color_bottom=&#8221;rgba(92,122,153,0.25)&#8221; disabled=&#8221;on&#8221; locked=&#8221;off&#8221;][et_pb_row _builder_version=&#8221;3.25.3&#8243;][et_pb_column type=&#8221;4_4&#8243; _builder_version=&#8221;3.25.3&#8243;][et_pb_text _builder_version=&#8221;3.25.3&#8243; text_font=&#8221;||||||||&#8221; text_text_color=&#8221;#ffffff&#8221; header_font=&#8221;||||||||&#8221; header_text_align=&#8221;center&#8221; header_text_color=&#8221;#ffffff&#8221; header_2_font=&#8221;||||||||&#8221; header_2_text_color=&#8221;#ffffff&#8221; header_2_font_size=&#8221;40px&#8221; text_orientation=&#8221;center&#8221; custom_margin=&#8221;||10px&#8221; custom_padding=&#8221;||0px&#8221; custom_css_main_element=&#8221;display: flex;||justify-content: center;&#8221; text_text_align=&#8221;center&#8221;]<\/p>\n<h2 style=\"text-align: center;\"><span color=\"#000000\" style=\"color: #000000;\"><b>DOCUMENTS TO DOWNLOAD<\/b><\/span><\/h2>\n<p>[\/et_pb_text][et_pb_divider color=&#8221;#ffb622&#8243; divider_weight=&#8221;4px&#8221; _builder_version=&#8221;3.25.3&#8243; width=&#8221;8%&#8221; module_alignment=&#8221;center&#8221;][\/et_pb_divider][\/et_pb_column][\/et_pb_row][et_pb_row column_structure=&#8221;1_3,1_3,1_3&#8243; _builder_version=&#8221;3.25.3&#8243; width=&#8221;100%&#8221; max_width=&#8221;1400px&#8221;][et_pb_column type=&#8221;1_3&#8243; _builder_version=&#8221;3.25.3&#8243;][\/et_pb_column][et_pb_column type=&#8221;1_3&#8243; _builder_version=&#8221;3.25.3&#8243;][et_pb_text module_class=&#8221;doc-telechargement&#8221; _builder_version=&#8221;3.27.4&#8243; text_font=&#8221;||||||||&#8221; text_text_color=&#8221;#000000&#8243; text_font_size=&#8221;16px&#8221;]<\/p>\n<h3><span>Fiche innovation-capitalisation<\/span><\/h3>\n<p class=\"p1\"><span class=\"s1\">Market gardening under solar greenhouses to better feed cities.<\/span><\/p>\n<p><a href=\"https:\/\/www.geres.eu\/wp-content\/uploads\/2019\/10\/2014-fiche-innovation-mongolie.pdf\" class=\"know-more black\" target=\"_blank\" rel=\"noopener noreferrer\"><i class=\"icon-arrow_right\"><\/i><span>Download the document<\/span><\/a><\/p>\n<p>[\/et_pb_text][\/et_pb_column][et_pb_column type=&#8221;1_3&#8243; _builder_version=&#8221;3.25.3&#8243;][\/et_pb_column][\/et_pb_row][\/et_pb_section][et_pb_section fb_built=&#8221;1&#8243; module_class=&#8221;bloc-footer-liens-image&#8221; _builder_version=&#8221;4.0.6&#8243; custom_padding=&#8221;25px|||||&#8221; border_width_bottom=&#8221;1px&#8221; border_color_bottom=&#8221;rgba(92,122,153,0.25)&#8221; locked=&#8221;off&#8221;][et_pb_row _builder_version=&#8221;3.25.3&#8243;][et_pb_column type=&#8221;4_4&#8243; _builder_version=&#8221;3.25.3&#8243;][et_pb_text _builder_version=&#8221;3.25.3&#8243; text_font=&#8221;||||||||&#8221; text_text_color=&#8221;#000000&#8243; header_font=&#8221;||||||||&#8221; header_text_align=&#8221;center&#8221; header_text_color=&#8221;#000000&#8243; header_2_font=&#8221;||||||||&#8221; header_2_text_color=&#8221;#000000&#8243; header_2_font_size=&#8221;40px&#8221; text_orientation=&#8221;center&#8221; custom_margin=&#8221;||10px&#8221; custom_padding=&#8221;||0px&#8221; custom_css_main_element=&#8221;display: flex;||justify-content: center;&#8221; text_text_align=&#8221;center&#8221;]<\/p>\n<h2 style=\"text-align: center;\"><strong>FIND OUT MORE<\/strong><\/h2>\n<p>[\/et_pb_text][et_pb_divider color=&#8221;#ffb622&#8243; divider_weight=&#8221;4px&#8221; _builder_version=&#8221;3.25.3&#8243; width=&#8221;8%&#8221; module_alignment=&#8221;center&#8221;][\/et_pb_divider][\/et_pb_column][\/et_pb_row][et_pb_row column_structure=&#8221;1_2,1_2&#8243; _builder_version=&#8221;3.25.3&#8243; width=&#8221;100%&#8221; max_width=&#8221;952px&#8221;][et_pb_column type=&#8221;1_2&#8243; _builder_version=&#8221;3.25.3&#8243;][et_pb_text _builder_version=&#8221;4.0.6&#8243; text_font=&#8221;||||||||&#8221; text_letter_spacing=&#8221;2px&#8221; header_font=&#8221;||||||||&#8221; header_text_align=&#8221;center&#8221; header_3_font=&#8221;||||||||&#8221; header_3_text_align=&#8221;center&#8221; header_3_text_color=&#8221;#ffffff&#8221; header_3_font_size=&#8221;30px&#8221; header_3_line_height=&#8221;30px&#8221; background_image=&#8221;https:\/\/www.geres.eu\/wp-content\/uploads\/2019\/10\/geres-pays-intervention-mongolie-en-savoir-plus.jpg&#8221; text_orientation=&#8221;center&#8221; min_height=&#8221;223px&#8221; custom_padding=&#8221;20px|20px|0px|20px||&#8221; custom_padding_tablet=&#8221;&#8221; custom_padding_phone=&#8221;&#8221; custom_padding_last_edited=&#8221;on|desktop&#8221; link_option_url=&#8221;https:\/\/www.geres.eu\/en\/our-actions\/countries-of-intervention\/mongolia\/&#8221; custom_css_main_element=&#8221;display: flex;||justify-content: center;||align-items: center;&#8221; text_text_align=&#8221;center&#8221;]<\/p>\n<h3 style=\"text-align: center;\"><strong>Mongolia<br \/> <\/strong><\/h3>\n<p>[\/et_pb_text][\/et_pb_column][et_pb_column type=&#8221;1_2&#8243; _builder_version=&#8221;3.25.3&#8243;][et_pb_text _builder_version=&#8221;4.0.6&#8243; text_font=&#8221;||||||||&#8221; text_letter_spacing=&#8221;2px&#8221; header_font=&#8221;||||||||&#8221; header_text_align=&#8221;center&#8221; header_3_font=&#8221;||||||||&#8221; header_3_text_align=&#8221;center&#8221; header_3_text_color=&#8221;#ffffff&#8221; header_3_font_size=&#8221;30px&#8221; header_3_line_height=&#8221;40px&#8221; background_image=&#8221;https:\/\/www.geres.eu\/wp-content\/uploads\/2019\/10\/geres.actualites-des-projets.en-savoir-plus.jpg&#8221; text_orientation=&#8221;center&#8221; min_height=&#8221;223px&#8221; custom_padding=&#8221;20px|20px|0px|20px||&#8221; custom_padding_tablet=&#8221;&#8221; custom_padding_phone=&#8221;&#8221; custom_padding_last_edited=&#8221;on|desktop&#8221; link_option_url=&#8221;https:\/\/www.geres.eu\/en\/news\/projects-news\/&#8221; custom_css_main_element=&#8221;display: flex;||justify-content: center;||align-items: center;&#8221; text_text_align=&#8221;center&#8221;]<\/p>\n<h3><strong>Projects news<br \/> <\/strong><\/h3>\n<p>[\/et_pb_text][\/et_pb_column][\/et_pb_row][\/et_pb_section][et_pb_section fb_built=&#8221;1&#8243; module_class=&#8221;agir-en-faveur&#8221; _builder_version=&#8221;3.25.3&#8243; background_image=&#8221;https:\/\/www.geres.eu\/wp-content\/uploads\/2019\/07\/Group-14-1-1.svg&#8221; global_module=&#8221;13247&#8243; saved_tabs=&#8221;all&#8221; locked=&#8221;off&#8221;][et_pb_row _builder_version=&#8221;3.25.3&#8243; width=&#8221;90%&#8221; max_width=&#8221;1400px&#8221; custom_padding=&#8221;|20px||20px&#8221;][et_pb_column type=&#8221;4_4&#8243; _builder_version=&#8221;3.25.3&#8243;][et_pb_text _builder_version=&#8221;4.0.6&#8243; text_font=&#8221;||||||||&#8221; header_font=&#8221;||||||||&#8221; header_text_color=&#8221;#ffffff&#8221; header_font_size=&#8221;37px&#8221; header_line_height=&#8221;1.2em&#8221; header_2_font=&#8221;||||||||&#8221; header_3_font=&#8221;||||||||&#8221; header_3_text_align=&#8221;center&#8221; header_3_text_color=&#8221;#ffffff&#8221; header_3_font_size=&#8221;37px&#8221; header_3_line_height=&#8221;1.2em&#8221; header_3_font_size_tablet=&#8221;31px&#8221; header_3_font_size_phone=&#8221;28px&#8221; header_3_font_size_last_edited=&#8221;on|phone&#8221;]<\/p>\n<h3>YOU WOULD LIKE TO TAKE ACTION<br \/>\nAND SUPPORT WHAT WE DO?<\/h3>\n<p>[\/et_pb_text][et_pb_text _builder_version=&#8221;4.0.6&#8243; text_font=&#8221;||||||||&#8221; text_text_color=&#8221;#ffffff&#8221; text_font_size=&#8221;20px&#8221; header_font=&#8221;||||||||&#8221; header_text_align=&#8221;center&#8221; text_orientation=&#8221;center&#8221; custom_padding_tablet=&#8221;|20px||20px&#8221; custom_padding_phone=&#8221;&#8221; custom_padding_last_edited=&#8221;on|tablet&#8221; custom_css_main_element=&#8221;display: flex;||justify-content:center;&#8221; text_text_align=&#8221;center&#8221;]<\/p>\n<p style=\"text-align: center;\">Tell us who you are and find your means of action.<\/p>\n<p>[\/et_pb_text][\/et_pb_column][\/et_pb_row][et_pb_row column_structure=&#8221;1_2,1_2&#8243; _builder_version=&#8221;3.25.3&#8243; width=&#8221;90%&#8221; max_width=&#8221;1400px&#8221; custom_margin=&#8221;||0px|&#8221; custom_padding=&#8221;||0px|0px&#8221;][et_pb_column type=&#8221;1_2&#8243; _builder_version=&#8221;3.25.3&#8243;][et_pb_code _builder_version=&#8221;4.0.6&#8243; background_color=&#8221;#ffffff&#8221; text_orientation=&#8221;center&#8221; custom_margin=&#8221;0px|-10px||0px&#8221; custom_padding=&#8221;|0px||0px&#8221;]<\/p>\n<div class=\"perso-onglet\"><!-- [et_pb_line_break_holder] --><!-- [et_pb_line_break_holder] --><\/p>\n<h4><!-- [et_pb_line_break_holder] -->    <strong>CITIZENS<\/strong><!-- [et_pb_line_break_holder] --><\/h4>\n<p><!-- [et_pb_line_break_holder] --><!-- [et_pb_line_break_holder] -->    Because Climate Solidarity is a challenge we face collectively, Geres gives you the possibility to make a difference.<!-- [et_pb_line_break_holder] --><!-- [et_pb_line_break_holder] -->  <a class=\"perso-onglet-button\" href=\"https:\/\/www.geres.eu\/en\/take-action\/citizens\/\">TAKE ACTION AS A CITIZEN<\/a><!-- [et_pb_line_break_holder] --><!-- [et_pb_line_break_holder] --><\/div>\n<p>[\/et_pb_code][\/et_pb_column][et_pb_column type=&#8221;1_2&#8243; _builder_version=&#8221;3.25.3&#8243;][et_pb_code _builder_version=&#8221;4.0.6&#8243; background_color=&#8221;#ffffff&#8221; text_orientation=&#8221;center&#8221; custom_margin=&#8221;|||-10px&#8221;]<\/p>\n<div class=\"perso-onglet\"><!-- [et_pb_line_break_holder] --><!-- [et_pb_line_break_holder] --><\/p>\n<h4><!-- [et_pb_line_break_holder] -->    <strong>PRIVATE SECTOR<\/strong><!-- [et_pb_line_break_holder] --><\/h4>\n<p><!-- [et_pb_line_break_holder] --><!-- [et_pb_line_break_holder] -->    As a business executive, an employee or a customer, you have the power to take action in your everyday life.<!-- [et_pb_line_break_holder] --><!-- [et_pb_line_break_holder] --><!-- [et_pb_line_break_holder] --><a class=\"perso-onglet-button\" href=\"https:\/\/www.geres.eu\/en\/take-action\/private-sector\/\">TAKE ACTION AS A COMPANY<\/a><!-- [et_pb_line_break_holder] --><!-- [et_pb_line_break_holder] --><\/div>\n<p>[\/et_pb_code][\/et_pb_column][\/et_pb_row][et_pb_row column_structure=&#8221;1_2,1_2&#8243; _builder_version=&#8221;3.25.3&#8243; width=&#8221;90%&#8221; max_width=&#8221;1400px&#8221;][et_pb_column type=&#8221;1_2&#8243; _builder_version=&#8221;3.25.3&#8243;][et_pb_code _builder_version=&#8221;4.0.6&#8243; background_color=&#8221;#ffffff&#8221; text_orientation=&#8221;center&#8221; custom_margin=&#8221;|-10px||&#8221;]<\/p>\n<div class=\"perso-onglet\"><!-- [et_pb_line_break_holder] --><!-- [et_pb_line_break_holder] --><\/p>\n<h4><!-- [et_pb_line_break_holder] -->    <strong>LOCAL AND INSTITUTIONAL ACTORS<\/strong><!-- [et_pb_line_break_holder] --><\/h4>\n<p><!-- [et_pb_line_break_holder] --><!-- [et_pb_line_break_holder] -->    Support our actions in France and internationally and become an agent of change at our side.<!-- [et_pb_line_break_holder] --><!-- [et_pb_line_break_holder] --><a class=\"perso-onglet-button\" href=\"https:\/\/www.geres.eu\/en\/take-action\/local-institutional-actors\/\">TAKE ACTION AS AN INSTITUTION<\/a><!-- [et_pb_line_break_holder] --><!-- [et_pb_line_break_holder] --><\/div>\n<p>[\/et_pb_code][\/et_pb_column][et_pb_column type=&#8221;1_2&#8243; _builder_version=&#8221;3.25.3&#8243;][et_pb_code _builder_version=&#8221;4.0.6&#8243; background_color=&#8221;#ffffff&#8221; text_orientation=&#8221;center&#8221; custom_margin=&#8221;|||-10px&#8221;]<\/p>\n<div class=\"perso-onglet\"><!-- [et_pb_line_break_holder] --><!-- [et_pb_line_break_holder] --><\/p>\n<h4><!-- [et_pb_line_break_holder] -->    <strong>FOUNDATIONS<\/strong><!-- [et_pb_line_break_holder] --><\/h4>\n<p><!-- [et_pb_line_break_holder] --><!-- [et_pb_line_break_holder] -->    By supporting Geres, you contribute to the implementation of innovative and concrete actions.<!-- [et_pb_line_break_holder] --><!-- [et_pb_line_break_holder] --><a class=\"perso-onglet-button\" href=\"https:\/\/www.geres.eu\/en\/take-action\/foundations\/\">TAKE ACTION AS A FOUNDATION<\/a><!-- [et_pb_line_break_holder] --><!-- [et_pb_line_break_holder] --><\/div>\n<p>[\/et_pb_code][\/et_pb_column][\/et_pb_row][et_pb_row _builder_version=&#8221;3.25.3&#8243;][et_pb_column type=&#8221;4_4&#8243; _builder_version=&#8221;3.25.3&#8243;][et_pb_code _builder_version=&#8221;4.0.6&#8243; text_orientation=&#8221;center&#8221; link_option_url=&#8221;#&#8221;]<a class=\"contact\">OTHER PROFILE? CONTACT US.<\/a>[\/et_pb_code][\/et_pb_column][\/et_pb_row][\/et_pb_section]<\/p>\n","protected":false},"excerpt":{"rendered":"<p><div class=\"et_pb_module diba_header_project diba_header_project_0\">\n\t\t\t\t\n\t\t\t\t\n\t\t\t\t\n\t\t\t\t\n\t\t\t\t\n\t\t\t\t\n\t\t\t\t<div class=\"et_pb_module_inner\">\n\t\t\t\t\t<div class='header_project'>\n\t\t\t\t\t\t<div class='image_project' style='background-image: url()'><\/div>\n\t\t\t\t\t\t<div class='category'>\n\t                        <i class='icon-CAT_WORLD'><\/i>\n\t                        <span><\/span>\n\t\t\t\t\t\t<\/div>\n\t\t\t\t\t\t<h1><\/h1>\n\t\t\t\t   <\/div>\n\t\t\t\t<\/div>\n\t\t\t<\/div><div class=\"et_pb_module bastad_breadcrumb bastad_breadcrumb_0\">\n\t\t\t\t\n\t\t\t\t\n\t\t\t\t\n\t\t\t\t\n\t\t\t\t\n\t\t\t\t\n\t\t\t\t<div class=\"et_pb_module_inner\">\n\t\t\t\t\t<div class='breadcrumb'><span property=\"itemListElement\" typeof=\"ListItem\"><a property=\"item\" typeof=\"WebPage\" title=\"Go to Geres.\" href=\"https:\/\/www.geres.eu\/en\/\" class=\"home\" aria-current=\"page\"><span property=\"name\"><i class=\"home-i\"><\/i><\/span><\/a><meta property=\"position\" content=\"1\"><\/span><\/div>\n\t\t\t\t<\/div>\n\t\t\t<\/div>Since 2010, Le Geres has been supporting the inhabitants of rural areas in Mongolia in the construction of bioclimatic greenhouses. Without the help of photovoltaic panels, these greenhouses use the light resource that is abundant in the country.Context and challenges In Mongolia, passive solar greenhouses start their first [&hellip;]<\/p>\n","protected":false},"author":11,"featured_media":8298,"comment_status":"open","ping_status":"closed","template":"","meta":{"_acf_changed":false,"_et_pb_use_builder":"on","_et_pb_old_content":"<!-- wp:divi\/placeholder \/-->","_et_gb_content_width":"","footnotes":""},"project_category":[152],"project_tag":[],"class_list":["post-11728","project","type-project","status-publish","has-post-thumbnail","hentry","project_category-mongolia"],"acf":[],"yoast_head":"<!-- This site is optimized with the Yoast SEO plugin v25.6 - https:\/\/yoast.com\/wordpress\/plugins\/seo\/ -->\n<title>Passive Solar Greenhouses in Mongolia - Geres<\/title>\n<meta name=\"robots\" content=\"index, follow, max-snippet:-1, max-image-preview:large, max-video-preview:-1\" \/>\n<link rel=\"canonical\" href=\"https:\/\/www.geres.eu\/en\/our-actions\/our-projects\/passive-solar-greenhouses-in-mongolia\/\" \/>\n<meta property=\"og:locale\" content=\"en_US\" \/>\n<meta property=\"og:type\" content=\"article\" \/>\n<meta property=\"og:title\" content=\"Passive Solar Greenhouses in Mongolia - Geres\" \/>\n<meta property=\"og:description\" content=\"Since 2010, Le Geres has been supporting the inhabitants of rural areas in Mongolia in the construction of bioclimatic greenhouses. Without the help of photovoltaic panels, these greenhouses use the light resource that is abundant in the country.Context and challenges In Mongolia, passive solar greenhouses start their first [&hellip;]\" \/>\n<meta property=\"og:url\" content=\"https:\/\/www.geres.eu\/en\/our-actions\/our-projects\/passive-solar-greenhouses-in-mongolia\/\" \/>\n<meta property=\"og:site_name\" content=\"Geres\" \/>\n<meta property=\"article:publisher\" content=\"https:\/\/www.facebook.com\/geres.asso\/\" \/>\n<meta property=\"article:modified_time\" content=\"2021-02-11T08:38:34+00:00\" \/>\n<meta property=\"og:image\" content=\"https:\/\/www.geres.eu\/wp-content\/uploads\/2019\/11\/20140408164718-b1484b95.jpg\" \/>\n\t<meta property=\"og:image:width\" content=\"1300\" \/>\n\t<meta property=\"og:image:height\" content=\"594\" \/>\n\t<meta property=\"og:image:type\" content=\"image\/jpeg\" \/>\n<meta name=\"twitter:card\" content=\"summary_large_image\" \/>\n<meta name=\"twitter:site\" content=\"@Geres_fr\" \/>\n<meta name=\"twitter:label1\" content=\"Est. reading time\" \/>\n\t<meta name=\"twitter:data1\" content=\"15 minutes\" \/>\n<script type=\"application\/ld+json\" class=\"yoast-schema-graph\">{\"@context\":\"https:\/\/schema.org\",\"@graph\":[{\"@type\":\"WebPage\",\"@id\":\"https:\/\/www.geres.eu\/en\/our-actions\/our-projects\/passive-solar-greenhouses-in-mongolia\/\",\"url\":\"https:\/\/www.geres.eu\/en\/our-actions\/our-projects\/passive-solar-greenhouses-in-mongolia\/\",\"name\":\"Passive Solar Greenhouses in Mongolia - Geres\",\"isPartOf\":{\"@id\":\"https:\/\/www.geres.eu\/en\/#website\"},\"primaryImageOfPage\":{\"@id\":\"https:\/\/www.geres.eu\/en\/our-actions\/our-projects\/passive-solar-greenhouses-in-mongolia\/#primaryimage\"},\"image\":{\"@id\":\"https:\/\/www.geres.eu\/en\/our-actions\/our-projects\/passive-solar-greenhouses-in-mongolia\/#primaryimage\"},\"thumbnailUrl\":\"https:\/\/www.geres.eu\/wp-content\/uploads\/2019\/11\/20140408164718-b1484b95.jpg\",\"datePublished\":\"2019-12-17T09:14:23+00:00\",\"dateModified\":\"2021-02-11T08:38:34+00:00\",\"breadcrumb\":{\"@id\":\"https:\/\/www.geres.eu\/en\/our-actions\/our-projects\/passive-solar-greenhouses-in-mongolia\/#breadcrumb\"},\"inLanguage\":\"en-US\",\"potentialAction\":[{\"@type\":\"ReadAction\",\"target\":[\"https:\/\/www.geres.eu\/en\/our-actions\/our-projects\/passive-solar-greenhouses-in-mongolia\/\"]}]},{\"@type\":\"ImageObject\",\"inLanguage\":\"en-US\",\"@id\":\"https:\/\/www.geres.eu\/en\/our-actions\/our-projects\/passive-solar-greenhouses-in-mongolia\/#primaryimage\",\"url\":\"https:\/\/www.geres.eu\/wp-content\/uploads\/2019\/11\/20140408164718-b1484b95.jpg\",\"contentUrl\":\"https:\/\/www.geres.eu\/wp-content\/uploads\/2019\/11\/20140408164718-b1484b95.jpg\",\"width\":1300,\"height\":594},{\"@type\":\"BreadcrumbList\",\"@id\":\"https:\/\/www.geres.eu\/en\/our-actions\/our-projects\/passive-solar-greenhouses-in-mongolia\/#breadcrumb\",\"itemListElement\":[{\"@type\":\"ListItem\",\"position\":1,\"name\":\"Home\",\"item\":\"https:\/\/www.geres.eu\/en\/\"},{\"@type\":\"ListItem\",\"position\":2,\"name\":\"Passive Solar Greenhouses in Mongolia\"}]},{\"@type\":\"WebSite\",\"@id\":\"https:\/\/www.geres.eu\/en\/#website\",\"url\":\"https:\/\/www.geres.eu\/en\/\",\"name\":\"Geres\",\"description\":\"Acting for climate solidarity\",\"publisher\":{\"@id\":\"https:\/\/www.geres.eu\/en\/#organization\"},\"potentialAction\":[{\"@type\":\"SearchAction\",\"target\":{\"@type\":\"EntryPoint\",\"urlTemplate\":\"https:\/\/www.geres.eu\/en\/?s={search_term_string}\"},\"query-input\":{\"@type\":\"PropertyValueSpecification\",\"valueRequired\":true,\"valueName\":\"search_term_string\"}}],\"inLanguage\":\"en-US\"},{\"@type\":\"Organization\",\"@id\":\"https:\/\/www.geres.eu\/en\/#organization\",\"name\":\"Geres\",\"url\":\"https:\/\/www.geres.eu\/en\/\",\"logo\":{\"@type\":\"ImageObject\",\"inLanguage\":\"en-US\",\"@id\":\"https:\/\/www.geres.eu\/en\/#\/schema\/logo\/image\/\",\"url\":\"https:\/\/www.geres.eu\/wp-content\/uploads\/2019\/10\/geres-logo-fr.png\",\"contentUrl\":\"https:\/\/www.geres.eu\/wp-content\/uploads\/2019\/10\/geres-logo-fr.png\",\"width\":139,\"height\":92,\"caption\":\"Geres\"},\"image\":{\"@id\":\"https:\/\/www.geres.eu\/en\/#\/schema\/logo\/image\/\"},\"sameAs\":[\"https:\/\/www.facebook.com\/geres.asso\/\",\"https:\/\/x.com\/Geres_fr\",\"https:\/\/fr.linkedin.com\/company\/geres\",\"https:\/\/www.youtube.com\/channel\/UCDAYdJgGXWW6kmtSeEuhNIQ\",\"https:\/\/fr.wikipedia.org\/wiki\/Geres\"]}]}<\/script>\n<!-- \/ Yoast SEO plugin. -->","yoast_head_json":{"title":"Passive Solar Greenhouses in Mongolia - Geres","robots":{"index":"index","follow":"follow","max-snippet":"max-snippet:-1","max-image-preview":"max-image-preview:large","max-video-preview":"max-video-preview:-1"},"canonical":"https:\/\/www.geres.eu\/en\/our-actions\/our-projects\/passive-solar-greenhouses-in-mongolia\/","og_locale":"en_US","og_type":"article","og_title":"Passive Solar Greenhouses in Mongolia - Geres","og_description":"Since 2010, Le Geres has been supporting the inhabitants of rural areas in Mongolia in the construction of bioclimatic greenhouses. Without the help of photovoltaic panels, these greenhouses use the light resource that is abundant in the country.Context and challenges In Mongolia, passive solar greenhouses start their first [&hellip;]","og_url":"https:\/\/www.geres.eu\/en\/our-actions\/our-projects\/passive-solar-greenhouses-in-mongolia\/","og_site_name":"Geres","article_publisher":"https:\/\/www.facebook.com\/geres.asso\/","article_modified_time":"2021-02-11T08:38:34+00:00","og_image":[{"width":1300,"height":594,"url":"https:\/\/www.geres.eu\/wp-content\/uploads\/2019\/11\/20140408164718-b1484b95.jpg","type":"image\/jpeg"}],"twitter_card":"summary_large_image","twitter_site":"@Geres_fr","twitter_misc":{"Est. reading time":"15 minutes"},"schema":{"@context":"https:\/\/schema.org","@graph":[{"@type":"WebPage","@id":"https:\/\/www.geres.eu\/en\/our-actions\/our-projects\/passive-solar-greenhouses-in-mongolia\/","url":"https:\/\/www.geres.eu\/en\/our-actions\/our-projects\/passive-solar-greenhouses-in-mongolia\/","name":"Passive Solar Greenhouses in Mongolia - Geres","isPartOf":{"@id":"https:\/\/www.geres.eu\/en\/#website"},"primaryImageOfPage":{"@id":"https:\/\/www.geres.eu\/en\/our-actions\/our-projects\/passive-solar-greenhouses-in-mongolia\/#primaryimage"},"image":{"@id":"https:\/\/www.geres.eu\/en\/our-actions\/our-projects\/passive-solar-greenhouses-in-mongolia\/#primaryimage"},"thumbnailUrl":"https:\/\/www.geres.eu\/wp-content\/uploads\/2019\/11\/20140408164718-b1484b95.jpg","datePublished":"2019-12-17T09:14:23+00:00","dateModified":"2021-02-11T08:38:34+00:00","breadcrumb":{"@id":"https:\/\/www.geres.eu\/en\/our-actions\/our-projects\/passive-solar-greenhouses-in-mongolia\/#breadcrumb"},"inLanguage":"en-US","potentialAction":[{"@type":"ReadAction","target":["https:\/\/www.geres.eu\/en\/our-actions\/our-projects\/passive-solar-greenhouses-in-mongolia\/"]}]},{"@type":"ImageObject","inLanguage":"en-US","@id":"https:\/\/www.geres.eu\/en\/our-actions\/our-projects\/passive-solar-greenhouses-in-mongolia\/#primaryimage","url":"https:\/\/www.geres.eu\/wp-content\/uploads\/2019\/11\/20140408164718-b1484b95.jpg","contentUrl":"https:\/\/www.geres.eu\/wp-content\/uploads\/2019\/11\/20140408164718-b1484b95.jpg","width":1300,"height":594},{"@type":"BreadcrumbList","@id":"https:\/\/www.geres.eu\/en\/our-actions\/our-projects\/passive-solar-greenhouses-in-mongolia\/#breadcrumb","itemListElement":[{"@type":"ListItem","position":1,"name":"Home","item":"https:\/\/www.geres.eu\/en\/"},{"@type":"ListItem","position":2,"name":"Passive Solar Greenhouses in Mongolia"}]},{"@type":"WebSite","@id":"https:\/\/www.geres.eu\/en\/#website","url":"https:\/\/www.geres.eu\/en\/","name":"Geres","description":"Acting for climate solidarity","publisher":{"@id":"https:\/\/www.geres.eu\/en\/#organization"},"potentialAction":[{"@type":"SearchAction","target":{"@type":"EntryPoint","urlTemplate":"https:\/\/www.geres.eu\/en\/?s={search_term_string}"},"query-input":{"@type":"PropertyValueSpecification","valueRequired":true,"valueName":"search_term_string"}}],"inLanguage":"en-US"},{"@type":"Organization","@id":"https:\/\/www.geres.eu\/en\/#organization","name":"Geres","url":"https:\/\/www.geres.eu\/en\/","logo":{"@type":"ImageObject","inLanguage":"en-US","@id":"https:\/\/www.geres.eu\/en\/#\/schema\/logo\/image\/","url":"https:\/\/www.geres.eu\/wp-content\/uploads\/2019\/10\/geres-logo-fr.png","contentUrl":"https:\/\/www.geres.eu\/wp-content\/uploads\/2019\/10\/geres-logo-fr.png","width":139,"height":92,"caption":"Geres"},"image":{"@id":"https:\/\/www.geres.eu\/en\/#\/schema\/logo\/image\/"},"sameAs":["https:\/\/www.facebook.com\/geres.asso\/","https:\/\/x.com\/Geres_fr","https:\/\/fr.linkedin.com\/company\/geres","https:\/\/www.youtube.com\/channel\/UCDAYdJgGXWW6kmtSeEuhNIQ","https:\/\/fr.wikipedia.org\/wiki\/Geres"]}]}},"_links":{"self":[{"href":"https:\/\/www.geres.eu\/en\/wp-json\/wp\/v2\/project\/11728"}],"collection":[{"href":"https:\/\/www.geres.eu\/en\/wp-json\/wp\/v2\/project"}],"about":[{"href":"https:\/\/www.geres.eu\/en\/wp-json\/wp\/v2\/types\/project"}],"author":[{"embeddable":true,"href":"https:\/\/www.geres.eu\/en\/wp-json\/wp\/v2\/users\/11"}],"replies":[{"embeddable":true,"href":"https:\/\/www.geres.eu\/en\/wp-json\/wp\/v2\/comments?post=11728"}],"version-history":[{"count":8,"href":"https:\/\/www.geres.eu\/en\/wp-json\/wp\/v2\/project\/11728\/revisions"}],"predecessor-version":[{"id":21590,"href":"https:\/\/www.geres.eu\/en\/wp-json\/wp\/v2\/project\/11728\/revisions\/21590"}],"wp:featuredmedia":[{"embeddable":true,"href":"https:\/\/www.geres.eu\/en\/wp-json\/wp\/v2\/media\/8298"}],"wp:attachment":[{"href":"https:\/\/www.geres.eu\/en\/wp-json\/wp\/v2\/media?parent=11728"}],"wp:term":[{"taxonomy":"project_category","embeddable":true,"href":"https:\/\/www.geres.eu\/en\/wp-json\/wp\/v2\/project_category?post=11728"},{"taxonomy":"project_tag","embeddable":true,"href":"https:\/\/www.geres.eu\/en\/wp-json\/wp\/v2\/project_tag?post=11728"}],"curies":[{"name":"wp","href":"https:\/\/api.w.org\/{rel}","templated":true}]}}