{"id":11814,"date":"2019-12-17T15:39:05","date_gmt":"2019-12-17T14:39:05","guid":{"rendered":"https:\/\/www.geres.eu\/nos-actions\/nos-projets\/developing-educational-tools-on-composting\/"},"modified":"2020-01-09T15:05:05","modified_gmt":"2020-01-09T14:05:05","slug":"developing-educational-tools-on-composting","status":"publish","type":"project","link":"https:\/\/www.geres.eu\/en\/our-actions\/our-projects\/developing-educational-tools-on-composting\/","title":{"rendered":"Developing educational tools on composting"},"content":{"rendered":"<p>[et_pb_section fb_built=&#8221;1&#8243; fullwidth=&#8221;on&#8221; _builder_version=&#8221;3.25.3&#8243;][diba_header_project _builder_version=&#8221;3.25.3&#8243; width=&#8221;1400px&#8221; max_width=&#8221;100%&#8221; module_alignment=&#8221;center&#8221; height=&#8221;546px&#8221; custom_padding=&#8221;||0px|||&#8221;][\/diba_header_project][\/et_pb_section][et_pb_section fb_built=&#8221;1&#8243; _builder_version=&#8221;3.25.3&#8243; custom_padding=&#8221;0px||0px|||&#8221;][et_pb_row _builder_version=&#8221;3.25.3&#8243; width=&#8221;100%&#8221; max_width=&#8221;1400px&#8221; module_alignment=&#8221;center&#8221; custom_margin=&#8221;|||&#8221; custom_margin_tablet=&#8221;&#8221; custom_margin_phone=&#8221;&#8221; custom_margin_last_edited=&#8221;on|desktop&#8221; custom_padding=&#8221;|10px|0px|10px||&#8221; locked=&#8221;off&#8221;][et_pb_column type=&#8221;4_4&#8243; _builder_version=&#8221;3.25.3&#8243;][bastad_breadcrumb _builder_version=&#8221;3.25.3&#8243;][\/bastad_breadcrumb][\/et_pb_column][\/et_pb_row][et_pb_row _builder_version=&#8221;3.25.3&#8243; width=&#8221;100%&#8221; max_width=&#8221;1400px&#8221; custom_padding=&#8221;0px||12px|||&#8221; locked=&#8221;off&#8221;][et_pb_column type=&#8221;4_4&#8243; _builder_version=&#8221;3.25.3&#8243;][et_pb_text module_class=&#8221;introduction-guide&#8221; _builder_version=&#8221;3.27.4&#8243; text_font=&#8221;||||||||&#8221; text_text_color=&#8221;#000000&#8243; text_font_size=&#8221;24px&#8221; text_line_height=&#8221;1.8em&#8221; link_font=&#8221;||||||||&#8221; ul_font=&#8221;||||||||&#8221; ol_font=&#8221;||||||||&#8221; header_font=&#8221;||||||||&#8221; header_font_size=&#8221;29px&#8221; background_color=&#8221;#ffffff&#8221; background_image=&#8221;https:\/\/www.geres.eu\/wp-content\/uploads\/2019\/07\/BG-4.jpg&#8221; custom_padding=&#8221;41px|84px|42px|65px||&#8221; custom_padding_tablet=&#8221;40px|50px|40px|50px&#8221; custom_padding_phone=&#8221;|40px||40px&#8221; custom_padding_last_edited=&#8221;on|phone&#8221; text_font_size_tablet=&#8221;17px&#8221; text_font_size_phone=&#8221;17px&#8221; text_font_size_last_edited=&#8221;on|phone&#8221;]<\/p>\n<p class=\"p1\" style=\"text-align: center;\"><span class=\"s1\">In partnership with stakeholders in environmental education and sustainable development, Geres designed a transversal tool on the theme of composting in 2011.<\/span><\/p>\n<p>[\/et_pb_text][\/et_pb_column][\/et_pb_row][\/et_pb_section][et_pb_section fb_built=&#8221;1&#8243; custom_padding_last_edited=&#8221;on|tablet&#8221; _builder_version=&#8221;3.25.3&#8243; custom_padding=&#8221;0px||0px|||&#8221; custom_padding_tablet=&#8221;|20px||20px&#8221; custom_padding_phone=&#8221;&#8221; locked=&#8221;off&#8221;][et_pb_row module_class=&#8221;content-page-article&#8221; _builder_version=&#8221;3.25.3&#8243; width=&#8221;100%&#8221; max_width=&#8221;768px&#8221; module_alignment=&#8221;center&#8221; custom_padding=&#8221;8px||24px|||&#8221; saved_tabs=&#8221;all&#8221; locked=&#8221;off&#8221;][et_pb_column type=&#8221;4_4&#8243; _builder_version=&#8221;3.25.3&#8243;][et_pb_text _builder_version=&#8221;3.27.4&#8243; header_font=&#8221;||||||||&#8221; header_2_font=&#8221;||||||||&#8221; header_2_line_height=&#8221;1.3em&#8221; custom_margin=&#8221;||36px|||&#8221; custom_padding=&#8221;0px|0px||0px||&#8221; custom_padding_tablet=&#8221;|0px||0px&#8221; custom_padding_phone=&#8221;&#8221; custom_padding_last_edited=&#8221;on|tablet&#8221;]<\/p>\n<h2>Context and challenges<\/h2>\n<p class=\"p1\"><span class=\"s1\">Encouraged by new regulations, composting is an excellent way of recycling household waste that can be adopted at all levels: from the home to industrial installations through to the whole local community.<\/span><\/p>\n<p>[\/et_pb_text][et_pb_image src=&#8221;https:\/\/www.geres.eu\/wp-content\/uploads\/2019\/10\/geres.nos-actions-.nos-projets.outil-pedagogique-compostage-paca-article.jpg&#8221; _builder_version=&#8221;3.25.3&#8243;][\/et_pb_image][et_pb_text _builder_version=&#8221;4.0.6&#8243; header_font=&#8221;||||||||&#8221; header_2_font=&#8221;||||||||&#8221; header_2_line_height=&#8221;1.3em&#8221; custom_padding=&#8221;0px|0px||0px||&#8221; custom_padding_tablet=&#8221;|0px||0px&#8221; custom_padding_phone=&#8221;&#8221; custom_padding_last_edited=&#8221;on|tablet&#8221;]<\/p>\n<h2>Objectives and solutions<\/h2>\n<p class=\"p1\"><span class=\"s1\">However, there are still no specific educational materials on composting aimed at schools.\u00a0 Looking at existing environmental education materials, Geres favors designing materials that can be adjusted depending on:<\/span><\/p>\n<ul class=\"ul1\">\n<li class=\"li2\"><span class=\"s3\">the intended aim: from simple information to changing behaviour<\/span><\/li>\n<li class=\"li2\"><span class=\"s3\">the type of audience: suitable for each stage of education (middle or secondary school) and environmental education activities beyond the school context<\/span><\/li>\n<\/ul>\n<p>[\/et_pb_text][et_pb_text _builder_version=&#8221;3.27.4&#8243;]<\/p>\n<h2 class=\"p5\"><span class=\"s3\">Partners<\/span><\/h2>\n<p class=\"p5\"><span class=\"s3\"><b>Technical partners<\/b><\/span><\/p>\n<ul>\n<li class=\"p5\">\n<p class=\"p1\"><span class=\"s1\">GRAINE PACA (R\u00e9seau r\u00e9gional pour l&#8217;\u00e9ducation \u00e0 l&#8217;environnement)<\/span><\/p>\n<\/li>\n<\/ul>\n<p><span class=\"s3\"><b>Funder partners<\/b><\/span><\/p>\n<ul class=\"ul2\">\n<li class=\"li1\"><span class=\"s2\">ADEME Provence-Alpes-C\u00f4te d\u2019Azur<\/span><\/li>\n<li class=\"li1\"><span class=\"s2\">R\u00e9gion Provence-Alpes-C\u00f4te d\u2019Azur<\/span><\/li>\n<\/ul>\n<p>[\/et_pb_text][et_pb_text _builder_version=&#8221;3.27.4&#8243;]<\/p>\n<h2>To go further<\/h2>\n<p><a href=\"https:\/\/www.boiteacompost.fr\/\" target=\"_blank\" rel=\"noopener noreferrer\"><strong>&gt; Visit the website<\/strong><\/a><\/p>\n<p>[\/et_pb_text][\/et_pb_column][\/et_pb_row][\/et_pb_section][et_pb_section fb_built=&#8221;1&#8243; _builder_version=&#8221;3.25.3&#8243; custom_padding=&#8221;|20px||20px&#8221; border_width_top=&#8221;1px&#8221; border_color_top=&#8221;rgba(92,122,153,0.25)&#8221; border_width_bottom=&#8221;1px&#8221; border_color_bottom=&#8221;rgba(92,122,153,0.25)&#8221; disabled=&#8221;on&#8221; disabled_on=&#8221;on|on|on&#8221; locked=&#8221;off&#8221;][et_pb_row _builder_version=&#8221;3.25.3&#8243;][et_pb_column type=&#8221;4_4&#8243; _builder_version=&#8221;3.25.3&#8243;][et_pb_text _builder_version=&#8221;3.25.3&#8243; text_font=&#8221;||||||||&#8221; text_text_color=&#8221;#ffffff&#8221; header_font=&#8221;||||||||&#8221; header_text_align=&#8221;center&#8221; header_text_color=&#8221;#ffffff&#8221; header_2_font=&#8221;||||||||&#8221; header_2_text_color=&#8221;#ffffff&#8221; header_2_font_size=&#8221;40px&#8221; text_orientation=&#8221;center&#8221; custom_margin=&#8221;||10px&#8221; custom_padding=&#8221;||0px&#8221; custom_css_main_element=&#8221;display: flex;||justify-content: center;&#8221; text_text_align=&#8221;center&#8221;]<\/p>\n<h2 style=\"text-align: center;\"><span style=\"color: #000000;\"><b>PROJECT&#8217;S PARTNERS<\/b><\/span><\/h2>\n<p>[\/et_pb_text][et_pb_divider color=&#8221;#ffb622&#8243; divider_weight=&#8221;4px&#8221; _builder_version=&#8221;3.25.3&#8243; width=&#8221;8%&#8221; module_alignment=&#8221;center&#8221;][\/et_pb_divider][\/et_pb_column][\/et_pb_row][et_pb_row column_structure=&#8221;1_3,1_3,1_3&#8243; _builder_version=&#8221;3.25.3&#8243; width=&#8221;100%&#8221; max_width=&#8221;952px&#8221; custom_padding=&#8221;|||||&#8221; locked=&#8221;off&#8221;][et_pb_column type=&#8221;1_3&#8243; _builder_version=&#8221;3.25.3&#8243;][diba_content_popup image=&#8221;https:\/\/www.geres.eu\/wp-content\/uploads\/2019\/07\/AFD.png&#8221; hover_content=&#8221;<\/p>\n<h3>Agence Fran\u00e7aise de d\u00e9veloppement<\/h3>\n<p><a href=%22#%22 class=%22know-more black%22><i class=%22icon-arrow_right%22><\/i><span>En savoir plus<\/span><\/a><\/p>\n<p>&#8221; more_content=&#8221;You will want to bring down your image file size right down to the point before you notice a drop in quality. <strong>This is done through image compression. Most photo editors, plugins, and sites<\/strong> like tinypng.com compress images using lossless compression (which shrinks the image file without losing any image quality) and smart lossy compression (which decreases the size of the image file by reducing metadata and image quality in a way that isn\u2019t really noticeable by the user).<\/p>\n<p><a href=%22#%22 class=%22know-more black%22><i class=%22icon-arrow_right%22><\/i><span>En savoir plus<\/span><\/a><\/p>\n<p><span class=%22certified%22><img src=%22https:\/\/www.geres.eu\/wp-content\/uploads\/2019\/07\/certified.svg%22 width=%22undefined%22 height=%22undefined%22 alt=%22%22 class=%22wp-image-2139 alignnone size-large%22 \/><span class=%22infos%22><span>Engag\u00e9 pour la solidarit\u00e9 climatique<\/span><a href=%22#%22>En savoir plus<\/a><\/span><\/span>&#8221; _builder_version=&#8221;3.25.3&#8243;][\/diba_content_popup][\/et_pb_column][et_pb_column type=&#8221;1_3&#8243; _builder_version=&#8221;3.25.3&#8243;][diba_content_popup image=&#8221;https:\/\/www.geres.eu\/wp-content\/uploads\/2019\/07\/AFD.png&#8221; hover_content=&#8221;<\/p>\n<h3>Agence Fran\u00e7aise de d\u00e9veloppement<\/h3>\n<p><a href=%22#%22 class=%22know-more black%22><i class=%22icon-arrow_right%22><\/i><span>En savoir plus<\/span><\/a><\/p>\n<p>&#8221; more_content=&#8221;You will want to bring down your image file size right down to the point before you notice a drop in quality. <strong>This is done through image compression. Most photo editors, plugins, and sites<\/strong> like tinypng.com compress images using lossless compression (which shrinks the image file without losing any image quality) and smart lossy compression (which decreases the size of the image file by reducing metadata and image quality in a way that isn\u2019t really noticeable by the user).<\/p>\n<p><a href=%22#%22 class=%22know-more black%22><i class=%22icon-arrow_right%22><\/i><span>En savoir plus<\/span><\/a><\/p>\n<p><span class=%22certified%22><img src=%22https:\/\/www.geres.eu\/wp-content\/uploads\/2019\/07\/certified.svg%22 width=%22undefined%22 height=%22undefined%22 alt=%22%22 class=%22wp-image-2139 alignnone size-large%22 \/><span class=%22infos%22><span>Engag\u00e9 pour la solidarit\u00e9 climatique<\/span><a href=%22#%22>En savoir plus<\/a><\/span><\/span>&#8221; _builder_version=&#8221;3.25.3&#8243;][\/diba_content_popup][\/et_pb_column][et_pb_column type=&#8221;1_3&#8243; _builder_version=&#8221;3.25.3&#8243;][diba_content_popup image=&#8221;https:\/\/www.geres.eu\/wp-content\/uploads\/2019\/07\/AFD.png&#8221; hover_content=&#8221;<\/p>\n<h3>Agence Fran\u00e7aise de d\u00e9veloppement<\/h3>\n<p><a href=%22#%22 class=%22know-more black%22><i class=%22icon-arrow_right%22><\/i><span>En savoir plus<\/span><\/a><\/p>\n<p>&#8221; more_content=&#8221;You will want to bring down your image file size right down to the point before you notice a drop in quality. <strong>This is done through image compression. Most photo editors, plugins, and sites<\/strong> like tinypng.com compress images using lossless compression (which shrinks the image file without losing any image quality) and smart lossy compression (which decreases the size of the image file by reducing metadata and image quality in a way that isn\u2019t really noticeable by the user).<\/p>\n<p><a href=%22#%22 class=%22know-more black%22><i class=%22icon-arrow_right%22><\/i><span>En savoir plus<\/span><\/a><\/p>\n<p><span class=%22certified%22><img src=%22https:\/\/www.geres.eu\/wp-content\/uploads\/2019\/07\/certified.svg%22 width=%22undefined%22 height=%22undefined%22 alt=%22%22 class=%22wp-image-2139 alignnone size-large%22 \/><span class=%22infos%22><span>Engag\u00e9 pour la solidarit\u00e9 climatique<\/span><a href=%22#%22>En savoir plus<\/a><\/span><\/span>&#8221; _builder_version=&#8221;3.25.3&#8243;][\/diba_content_popup][\/et_pb_column][\/et_pb_row][\/et_pb_section][et_pb_section fb_built=&#8221;1&#8243; _builder_version=&#8221;3.25.3&#8243; disabled=&#8221;on&#8221; disabled_on=&#8221;on|on|on&#8221;][et_pb_row _builder_version=&#8221;3.25.3&#8243; custom_padding=&#8221;|20px||20px&#8221;][et_pb_column type=&#8221;4_4&#8243; _builder_version=&#8221;3.25.3&#8243;][et_pb_text _builder_version=&#8221;3.25.3&#8243; text_font=&#8221;||||||||&#8221; text_text_color=&#8221;#ffffff&#8221; header_font=&#8221;||||||||&#8221; header_text_align=&#8221;center&#8221; header_text_color=&#8221;#ffffff&#8221; header_2_font=&#8221;||||||||&#8221; header_2_text_color=&#8221;#ffffff&#8221; header_2_font_size=&#8221;40px&#8221; text_orientation=&#8221;center&#8221; custom_margin=&#8221;||10px&#8221; custom_padding=&#8221;||0px|||&#8221; custom_css_main_element=&#8221;display: flex;||justify-content: center;&#8221; text_text_align=&#8221;center&#8221; locked=&#8221;off&#8221;]<\/p>\n<h2 style=\"text-align: center;\"><span color=\"#000000\" style=\"color: #000000;\"><b>PROJECT NEWS<\/b><\/span><\/h2>\n<p>[\/et_pb_text][et_pb_divider color=&#8221;#ffb622&#8243; divider_weight=&#8221;4px&#8221; _builder_version=&#8221;3.25.3&#8243; width=&#8221;8%&#8221; module_alignment=&#8221;center&#8221; locked=&#8221;off&#8221;][\/et_pb_divider][\/et_pb_column][\/et_pb_row][et_pb_row module_class=&#8221;actualite-projets-list actualite-list&#8221; _builder_version=&#8221;3.25.3&#8243; width=&#8221;90%&#8221; max_width=&#8221;1400px&#8221; custom_padding=&#8221;0px||0px|||&#8221;][et_pb_column type=&#8221;4_4&#8243; _builder_version=&#8221;3.25.3&#8243;][et_pb_dpfilterable_blog posts_number=&#8221;3&#8243; include_categories=&#8221;49&#8243; include_tags=&#8221;50&#8243; show_categories=&#8221;off&#8221; show_date=&#8221;on&#8221; meta_date=&#8221;j M Y&#8221; show_excerpt=&#8221;on&#8221; show_pagination=&#8221;off&#8221; _builder_version=&#8221;3.25.3&#8243;][\/et_pb_dpfilterable_blog][\/et_pb_column][\/et_pb_row][et_pb_row _builder_version=&#8221;3.25.3&#8243; custom_padding=&#8221;0px||0px|||&#8221;][et_pb_column type=&#8221;4_4&#8243; _builder_version=&#8221;3.25.3&#8243;][et_pb_button button_url=&#8221;\/project-news&#8221; button_text=&#8221;All our news&#8221; button_alignment=&#8221;center&#8221; _builder_version=&#8221;3.25.3&#8243; custom_button=&#8221;on&#8221; button_text_size=&#8221;14px&#8221; button_text_color=&#8221;#000000&#8243; button_border_color=&#8221;#fcbf01&#8243; button_font=&#8221;|700||on|||||&#8221; custom_padding=&#8221;12px|25px|12px|25px&#8221;][\/et_pb_button][\/et_pb_column][\/et_pb_row][\/et_pb_section][et_pb_section fb_built=&#8221;1&#8243; custom_padding_last_edited=&#8221;on|tablet&#8221; _builder_version=&#8221;3.25.3&#8243; custom_margin=&#8221;56px|||||&#8221; custom_padding_tablet=&#8221;|20px||20px&#8221; custom_padding_phone=&#8221;&#8221; border_width_top=&#8221;1px&#8221; border_color_top=&#8221;rgba(92,122,153,0.25)&#8221; border_width_bottom=&#8221;1px&#8221; border_color_bottom=&#8221;rgba(92,122,153,0.25)&#8221; disabled=&#8221;on&#8221; disabled_on=&#8221;on|on|on&#8221; locked=&#8221;off&#8221;][et_pb_row _builder_version=&#8221;3.25.3&#8243;][et_pb_column type=&#8221;4_4&#8243; _builder_version=&#8221;3.25.3&#8243;][et_pb_text _builder_version=&#8221;3.25.3&#8243; text_font=&#8221;||||||||&#8221; text_text_color=&#8221;#ffffff&#8221; header_font=&#8221;||||||||&#8221; header_text_align=&#8221;center&#8221; header_text_color=&#8221;#ffffff&#8221; header_2_font=&#8221;||||||||&#8221; header_2_text_color=&#8221;#ffffff&#8221; header_2_font_size=&#8221;40px&#8221; text_orientation=&#8221;center&#8221; custom_margin=&#8221;||10px&#8221; custom_padding=&#8221;||0px&#8221; custom_css_main_element=&#8221;display: flex;||justify-content: center;&#8221; text_text_align=&#8221;center&#8221;]<\/p>\n<h2 style=\"text-align: center;\"><span style=\"color: #000000;\"><b>DOCUMENTS TO DOWNLOAD<\/b><\/span><\/h2>\n<p>[\/et_pb_text][et_pb_divider color=&#8221;#ffb622&#8243; divider_weight=&#8221;4px&#8221; _builder_version=&#8221;3.25.3&#8243; width=&#8221;8%&#8221; module_alignment=&#8221;center&#8221;][\/et_pb_divider][\/et_pb_column][\/et_pb_row][et_pb_row column_structure=&#8221;1_3,1_3,1_3&#8243; _builder_version=&#8221;3.25.3&#8243; width=&#8221;100%&#8221; max_width=&#8221;1400px&#8221;][et_pb_column type=&#8221;1_3&#8243; _builder_version=&#8221;3.25.3&#8243;][et_pb_text module_class=&#8221;doc-telechargement&#8221; _builder_version=&#8221;3.27.4&#8243; text_font=&#8221;||||||||&#8221; text_text_color=&#8221;#000000&#8243; text_font_size=&#8221;16px&#8221;]<\/p>\n<h3><strong>fiche projet<\/strong><\/h3>\n<p class=\"p1\">A transversal tool on the theme of composting.\u00a0<\/p>\n<p><a href=\"https:\/\/www.geres.eu\/wp-content\/uploads\/2019\/10\/projet-france-outil-compostage-fr.pdf\" class=\"know-more black\" target=\"_blank\" rel=\"noopener noreferrer\"><i class=\"icon-arrow_right\"><\/i><span>Document to download<\/span><\/a><\/p>\n<p>[\/et_pb_text][\/et_pb_column][et_pb_column type=&#8221;1_3&#8243; _builder_version=&#8221;3.25.3&#8243;][\/et_pb_column][et_pb_column type=&#8221;1_3&#8243; _builder_version=&#8221;3.25.3&#8243;][\/et_pb_column][\/et_pb_row][\/et_pb_section][et_pb_section fb_built=&#8221;1&#8243; module_class=&#8221;bloc-footer-liens-image&#8221; _builder_version=&#8221;4.0.6&#8243; custom_padding=&#8221;40px|||||&#8221; border_width_bottom=&#8221;1px&#8221; border_color_bottom=&#8221;rgba(92,122,153,0.25)&#8221; locked=&#8221;off&#8221;][et_pb_row _builder_version=&#8221;3.25.3&#8243;][et_pb_column type=&#8221;4_4&#8243; _builder_version=&#8221;3.25.3&#8243;][et_pb_text _builder_version=&#8221;3.25.3&#8243; text_font=&#8221;||||||||&#8221; text_text_color=&#8221;#000000&#8243; header_font=&#8221;||||||||&#8221; header_text_align=&#8221;center&#8221; header_text_color=&#8221;#000000&#8243; header_2_font=&#8221;||||||||&#8221; header_2_text_color=&#8221;#000000&#8243; header_2_font_size=&#8221;40px&#8221; text_orientation=&#8221;center&#8221; custom_margin=&#8221;||10px&#8221; custom_padding=&#8221;||0px&#8221; custom_css_main_element=&#8221;display: flex;||justify-content: center;&#8221; text_text_align=&#8221;center&#8221;]<\/p>\n<h2 style=\"text-align: center;\"><strong>FIND OUT MORE<\/strong><\/h2>\n<p>[\/et_pb_text][et_pb_divider color=&#8221;#ffb622&#8243; divider_weight=&#8221;4px&#8221; _builder_version=&#8221;3.25.3&#8243; width=&#8221;8%&#8221; module_alignment=&#8221;center&#8221;][\/et_pb_divider][\/et_pb_column][\/et_pb_row][et_pb_row column_structure=&#8221;1_2,1_2&#8243; _builder_version=&#8221;3.25.3&#8243; width=&#8221;100%&#8221; max_width=&#8221;952px&#8221;][et_pb_column type=&#8221;1_2&#8243; _builder_version=&#8221;3.25.3&#8243;][et_pb_text _builder_version=&#8221;4.0.6&#8243; text_font=&#8221;||||||||&#8221; text_letter_spacing=&#8221;2px&#8221; header_font=&#8221;||||||||&#8221; header_text_align=&#8221;center&#8221; header_3_font=&#8221;||||||||&#8221; header_3_text_align=&#8221;center&#8221; header_3_text_color=&#8221;#ffffff&#8221; header_3_font_size=&#8221;30px&#8221; header_3_line_height=&#8221;40px&#8221; background_image=&#8221;https:\/\/www.geres.eu\/wp-content\/uploads\/2019\/10\/geres.pays_.intervention.france.en-savoir-plus.jpg&#8221; text_orientation=&#8221;center&#8221; min_height=&#8221;223px&#8221; custom_padding=&#8221;20px|20px|0px|20px||&#8221; custom_padding_tablet=&#8221;&#8221; custom_padding_phone=&#8221;&#8221; custom_padding_last_edited=&#8221;on|desktop&#8221; link_option_url=&#8221;https:\/\/www.geres.eu\/en\/our-actions\/countries-of-intervention\/france\/&#8221; custom_css_main_element=&#8221;display: flex;||justify-content: center;||align-items: center;&#8221; text_text_align=&#8221;center&#8221;]<\/p>\n<h3>FRANCE<\/h3>\n<p>[\/et_pb_text][\/et_pb_column][et_pb_column type=&#8221;1_2&#8243; _builder_version=&#8221;3.25.3&#8243;][et_pb_text _builder_version=&#8221;4.0.6&#8243; text_font=&#8221;||||||||&#8221; text_letter_spacing=&#8221;2px&#8221; header_font=&#8221;||||||||&#8221; header_text_align=&#8221;center&#8221; header_3_font=&#8221;||||||||&#8221; header_3_text_align=&#8221;center&#8221; header_3_text_color=&#8221;#ffffff&#8221; header_3_font_size=&#8221;30px&#8221; header_3_line_height=&#8221;30px&#8221; background_image=&#8221;https:\/\/www.geres.eu\/wp-content\/uploads\/2019\/10\/geres.actualites-des-projets.en-savoir-plus.jpg&#8221; text_orientation=&#8221;center&#8221; min_height=&#8221;223px&#8221; custom_padding=&#8221;20px|20px|0px|20px||&#8221; custom_padding_tablet=&#8221;&#8221; custom_padding_phone=&#8221;&#8221; custom_padding_last_edited=&#8221;on|desktop&#8221; link_option_url=&#8221;https:\/\/www.geres.eu\/en\/news\/projects-news\/&#8221; custom_css_main_element=&#8221;display: flex;||justify-content: center;||align-items: center;&#8221; text_text_align=&#8221;center&#8221;]<\/p>\n<h3 style=\"text-align: center;\"><strong>Projects news<br \/><\/strong><\/h3>\n<p>[\/et_pb_text][\/et_pb_column][\/et_pb_row][\/et_pb_section][et_pb_section fb_built=&#8221;1&#8243; module_class=&#8221;agir-en-faveur&#8221; _builder_version=&#8221;3.25.3&#8243; background_image=&#8221;https:\/\/www.geres.eu\/wp-content\/uploads\/2019\/07\/Group-14-1-1.svg&#8221; saved_tabs=&#8221;all&#8221; locked=&#8221;off&#8221; global_module=&#8221;13247&#8243;][et_pb_row _builder_version=&#8221;3.25.3&#8243; width=&#8221;90%&#8221; max_width=&#8221;1400px&#8221; custom_padding=&#8221;|20px||20px&#8221;][et_pb_column type=&#8221;4_4&#8243; _builder_version=&#8221;3.25.3&#8243;][et_pb_text _builder_version=&#8221;4.0.6&#8243; text_font=&#8221;||||||||&#8221; header_font=&#8221;||||||||&#8221; header_text_color=&#8221;#ffffff&#8221; header_font_size=&#8221;37px&#8221; header_line_height=&#8221;1.2em&#8221; header_2_font=&#8221;||||||||&#8221; header_3_font=&#8221;||||||||&#8221; header_3_text_align=&#8221;center&#8221; header_3_text_color=&#8221;#ffffff&#8221; header_3_font_size=&#8221;37px&#8221; header_3_line_height=&#8221;1.2em&#8221; header_3_font_size_tablet=&#8221;31px&#8221; header_3_font_size_phone=&#8221;28px&#8221; header_3_font_size_last_edited=&#8221;on|phone&#8221;]<\/p>\n<h3>YOU WOULD LIKE TO TAKE ACTION<br \/> AND <span>SUPPORT WHAT WE DO?<\/span><\/h3>\n<p>[\/et_pb_text][et_pb_text _builder_version=&#8221;4.0.6&#8243; text_font=&#8221;||||||||&#8221; text_text_color=&#8221;#ffffff&#8221; text_font_size=&#8221;20px&#8221; header_font=&#8221;||||||||&#8221; header_text_align=&#8221;center&#8221; text_orientation=&#8221;center&#8221; custom_padding_tablet=&#8221;|20px||20px&#8221; custom_padding_phone=&#8221;&#8221; custom_padding_last_edited=&#8221;on|tablet&#8221; custom_css_main_element=&#8221;display: flex;||justify-content:center;&#8221; text_text_align=&#8221;center&#8221;]<\/p>\n<p style=\"text-align: center;\">Tell us who you are and find your means of action.<\/p>\n<p>[\/et_pb_text][\/et_pb_column][\/et_pb_row][et_pb_row column_structure=&#8221;1_2,1_2&#8243; _builder_version=&#8221;3.25.3&#8243; width=&#8221;90%&#8221; max_width=&#8221;1400px&#8221; custom_margin=&#8221;||0px|&#8221; custom_padding=&#8221;||0px|0px&#8221;][et_pb_column type=&#8221;1_2&#8243; _builder_version=&#8221;3.25.3&#8243;][et_pb_code _builder_version=&#8221;4.0.6&#8243; background_color=&#8221;#ffffff&#8221; text_orientation=&#8221;center&#8221; custom_margin=&#8221;0px|-10px||0px&#8221; custom_padding=&#8221;|0px||0px&#8221;]<\/p>\n<div class=\"perso-onglet\"><!-- [et_pb_line_break_holder] --><!-- [et_pb_line_break_holder] --><\/p>\n<h4><!-- [et_pb_line_break_holder] -->    <strong>CITIZENS<\/strong><!-- [et_pb_line_break_holder] --><\/h4>\n<p><!-- [et_pb_line_break_holder] --><!-- [et_pb_line_break_holder] -->    Because Climate Solidarity is a challenge we face collectively, Geres gives you the possibility to make a difference.<!-- [et_pb_line_break_holder] --><!-- [et_pb_line_break_holder] -->  <a class=\"perso-onglet-button\" href=\"https:\/\/www.geres.eu\/en\/take-action\/citizens\/\">TAKE ACTION AS A CITIZEN<\/a><!-- [et_pb_line_break_holder] --><!-- [et_pb_line_break_holder] --><\/div>\n<p>[\/et_pb_code][\/et_pb_column][et_pb_column type=&#8221;1_2&#8243; _builder_version=&#8221;3.25.3&#8243;][et_pb_code _builder_version=&#8221;4.0.6&#8243; background_color=&#8221;#ffffff&#8221; text_orientation=&#8221;center&#8221; custom_margin=&#8221;|||-10px&#8221;]<\/p>\n<div class=\"perso-onglet\"><!-- [et_pb_line_break_holder] --><!-- [et_pb_line_break_holder] --><\/p>\n<h4><!-- [et_pb_line_break_holder] -->    <strong>PRIVATE SECTOR<\/strong><!-- [et_pb_line_break_holder] --><\/h4>\n<p><!-- [et_pb_line_break_holder] --><!-- [et_pb_line_break_holder] -->    As a business executive, an employee or a customer, you have the power to take action in your everyday life.<!-- [et_pb_line_break_holder] --><!-- [et_pb_line_break_holder] --><!-- [et_pb_line_break_holder] --><a class=\"perso-onglet-button\" href=\"https:\/\/www.geres.eu\/en\/take-action\/private-sector\/\">TAKE ACTION AS A COMPANY<\/a><!-- [et_pb_line_break_holder] --><!-- [et_pb_line_break_holder] --><\/div>\n<p>[\/et_pb_code][\/et_pb_column][\/et_pb_row][et_pb_row column_structure=&#8221;1_2,1_2&#8243; _builder_version=&#8221;3.25.3&#8243; width=&#8221;90%&#8221; max_width=&#8221;1400px&#8221;][et_pb_column type=&#8221;1_2&#8243; _builder_version=&#8221;3.25.3&#8243;][et_pb_code _builder_version=&#8221;4.0.6&#8243; background_color=&#8221;#ffffff&#8221; text_orientation=&#8221;center&#8221; custom_margin=&#8221;|-10px||&#8221;]<\/p>\n<div class=\"perso-onglet\"><!-- [et_pb_line_break_holder] --><!-- [et_pb_line_break_holder] --><\/p>\n<h4><!-- [et_pb_line_break_holder] -->    <strong>LOCAL AND INSTITUTIONAL ACTORS<\/strong><!-- [et_pb_line_break_holder] --><\/h4>\n<p><!-- [et_pb_line_break_holder] --><!-- [et_pb_line_break_holder] -->    Support our actions in France and internationally and become an agent of change at our side.<!-- [et_pb_line_break_holder] --><!-- [et_pb_line_break_holder] --><a class=\"perso-onglet-button\" href=\"https:\/\/www.geres.eu\/en\/take-action\/institutional-local-actors\/\">TAKE ACTION AS AN INSTITUTION<\/a><!-- [et_pb_line_break_holder] --><!-- [et_pb_line_break_holder] --><\/div>\n<p>[\/et_pb_code][\/et_pb_column][et_pb_column type=&#8221;1_2&#8243; _builder_version=&#8221;3.25.3&#8243;][et_pb_code _builder_version=&#8221;4.0.6&#8243; background_color=&#8221;#ffffff&#8221; text_orientation=&#8221;center&#8221; custom_margin=&#8221;|||-10px&#8221;]<\/p>\n<div class=\"perso-onglet\"><!-- [et_pb_line_break_holder] --><!-- [et_pb_line_break_holder] --><\/p>\n<h4><!-- [et_pb_line_break_holder] -->    <strong>FOUNDATIONS<\/strong><!-- [et_pb_line_break_holder] --><\/h4>\n<p><!-- [et_pb_line_break_holder] --><!-- [et_pb_line_break_holder] -->    By supporting Geres, you contribute to the implementation of innovative and concrete actions.<!-- [et_pb_line_break_holder] --><!-- [et_pb_line_break_holder] --><a class=\"perso-onglet-button\" href=\"https:\/\/www.geres.eu\/en\/take-action\/foundations\/\">TAKE ACTION AS A FOUNDATION<\/a><!-- [et_pb_line_break_holder] --><!-- [et_pb_line_break_holder] --><\/div>\n<p>[\/et_pb_code][\/et_pb_column][\/et_pb_row][et_pb_row _builder_version=&#8221;3.25.3&#8243;][et_pb_column type=&#8221;4_4&#8243; _builder_version=&#8221;3.25.3&#8243;][et_pb_code _builder_version=&#8221;4.0.6&#8243; text_orientation=&#8221;center&#8221; link_option_url=&#8221;#&#8221;]<a href=\"https:\/\/www.geres.eu\/en\/take-action\/contact\/\" class=\"contact-override\">OTHER PROFILE? CONTACT US.<\/a>[\/et_pb_code][\/et_pb_column][\/et_pb_row][\/et_pb_section]<\/p>\n","protected":false},"excerpt":{"rendered":"<p><div class=\"et_pb_module diba_header_project diba_header_project_0\">\n\t\t\t\t\n\t\t\t\t\n\t\t\t\t\n\t\t\t\t\n\t\t\t\t\n\t\t\t\t\n\t\t\t\t<div class=\"et_pb_module_inner\">\n\t\t\t\t\t<div class='header_project'>\n\t\t\t\t\t\t<div class='image_project' style='background-image: url()'><\/div>\n\t\t\t\t\t\t<div class='category'>\n\t                        <i class='icon-CAT_WORLD'><\/i>\n\t                        <span><\/span>\n\t\t\t\t\t\t<\/div>\n\t\t\t\t\t\t<h1><\/h1>\n\t\t\t\t   <\/div>\n\t\t\t\t<\/div>\n\t\t\t<\/div><div class=\"et_pb_module bastad_breadcrumb bastad_breadcrumb_0\">\n\t\t\t\t\n\t\t\t\t\n\t\t\t\t\n\t\t\t\t\n\t\t\t\t\n\t\t\t\t\n\t\t\t\t<div class=\"et_pb_module_inner\">\n\t\t\t\t\t<div class='breadcrumb'><span property=\"itemListElement\" typeof=\"ListItem\"><a property=\"item\" typeof=\"WebPage\" title=\"Go to Geres.\" href=\"https:\/\/www.geres.eu\/en\/\" class=\"home\" aria-current=\"page\"><span property=\"name\"><i class=\"home-i\"><\/i><\/span><\/a><meta property=\"position\" content=\"1\"><\/span><\/div>\n\t\t\t\t<\/div>\n\t\t\t<\/div>In partnership with stakeholders in environmental education and sustainable development, Geres designed a transversal tool on the theme of composting in 2011.Context and challenges Encouraged by new regulations, composting is an excellent way of recycling household waste that can be adopted at all levels: from the home to [&hellip;]<\/p>\n","protected":false},"author":11,"featured_media":8683,"comment_status":"open","ping_status":"closed","template":"","meta":{"_acf_changed":false,"_et_pb_use_builder":"on","_et_pb_old_content":"<!-- wp:divi\/placeholder \/-->","_et_gb_content_width":"","footnotes":""},"project_category":[149],"project_tag":[],"class_list":["post-11814","project","type-project","status-publish","has-post-thumbnail","hentry","project_category-france-en"],"acf":[],"yoast_head":"<!-- This site is optimized with the Yoast SEO plugin v25.6 - https:\/\/yoast.com\/wordpress\/plugins\/seo\/ -->\n<title>Developing educational tools on composting - Geres<\/title>\n<meta name=\"robots\" content=\"index, follow, max-snippet:-1, max-image-preview:large, max-video-preview:-1\" \/>\n<link rel=\"canonical\" href=\"https:\/\/www.geres.eu\/en\/our-actions\/our-projects\/developing-educational-tools-on-composting\/\" \/>\n<meta property=\"og:locale\" content=\"en_US\" \/>\n<meta property=\"og:type\" content=\"article\" \/>\n<meta property=\"og:title\" content=\"Developing educational tools on composting - Geres\" \/>\n<meta property=\"og:description\" content=\"In partnership with stakeholders in environmental education and sustainable development, Geres designed a transversal tool on the theme of composting in 2011.Context and challenges Encouraged by new regulations, composting is an excellent way of recycling household waste that can be adopted at all levels: from the home to [&hellip;]\" \/>\n<meta property=\"og:url\" content=\"https:\/\/www.geres.eu\/en\/our-actions\/our-projects\/developing-educational-tools-on-composting\/\" \/>\n<meta property=\"og:site_name\" content=\"Geres\" \/>\n<meta property=\"article:publisher\" content=\"https:\/\/www.facebook.com\/geres.asso\/\" \/>\n<meta property=\"article:modified_time\" content=\"2020-01-09T14:05:05+00:00\" \/>\n<meta property=\"og:image\" content=\"https:\/\/www.geres.eu\/wp-content\/uploads\/2019\/11\/geres.nos-actions-.nos-projets.outil-pedagogique-compostage-paca.jpg\" \/>\n\t<meta property=\"og:image:width\" content=\"1300\" \/>\n\t<meta property=\"og:image:height\" content=\"590\" \/>\n\t<meta property=\"og:image:type\" content=\"image\/jpeg\" \/>\n<meta name=\"twitter:card\" content=\"summary_large_image\" \/>\n<meta name=\"twitter:site\" content=\"@Geres_fr\" \/>\n<meta name=\"twitter:label1\" content=\"Est. reading time\" \/>\n\t<meta name=\"twitter:data1\" content=\"12 minutes\" \/>\n<script type=\"application\/ld+json\" class=\"yoast-schema-graph\">{\"@context\":\"https:\/\/schema.org\",\"@graph\":[{\"@type\":\"WebPage\",\"@id\":\"https:\/\/www.geres.eu\/en\/our-actions\/our-projects\/developing-educational-tools-on-composting\/\",\"url\":\"https:\/\/www.geres.eu\/en\/our-actions\/our-projects\/developing-educational-tools-on-composting\/\",\"name\":\"Developing educational tools on composting - Geres\",\"isPartOf\":{\"@id\":\"https:\/\/www.geres.eu\/en\/#website\"},\"primaryImageOfPage\":{\"@id\":\"https:\/\/www.geres.eu\/en\/our-actions\/our-projects\/developing-educational-tools-on-composting\/#primaryimage\"},\"image\":{\"@id\":\"https:\/\/www.geres.eu\/en\/our-actions\/our-projects\/developing-educational-tools-on-composting\/#primaryimage\"},\"thumbnailUrl\":\"https:\/\/www.geres.eu\/wp-content\/uploads\/2019\/11\/geres.nos-actions-.nos-projets.outil-pedagogique-compostage-paca.jpg\",\"datePublished\":\"2019-12-17T14:39:05+00:00\",\"dateModified\":\"2020-01-09T14:05:05+00:00\",\"breadcrumb\":{\"@id\":\"https:\/\/www.geres.eu\/en\/our-actions\/our-projects\/developing-educational-tools-on-composting\/#breadcrumb\"},\"inLanguage\":\"en-US\",\"potentialAction\":[{\"@type\":\"ReadAction\",\"target\":[\"https:\/\/www.geres.eu\/en\/our-actions\/our-projects\/developing-educational-tools-on-composting\/\"]}]},{\"@type\":\"ImageObject\",\"inLanguage\":\"en-US\",\"@id\":\"https:\/\/www.geres.eu\/en\/our-actions\/our-projects\/developing-educational-tools-on-composting\/#primaryimage\",\"url\":\"https:\/\/www.geres.eu\/wp-content\/uploads\/2019\/11\/geres.nos-actions-.nos-projets.outil-pedagogique-compostage-paca.jpg\",\"contentUrl\":\"https:\/\/www.geres.eu\/wp-content\/uploads\/2019\/11\/geres.nos-actions-.nos-projets.outil-pedagogique-compostage-paca.jpg\",\"width\":1300,\"height\":590},{\"@type\":\"BreadcrumbList\",\"@id\":\"https:\/\/www.geres.eu\/en\/our-actions\/our-projects\/developing-educational-tools-on-composting\/#breadcrumb\",\"itemListElement\":[{\"@type\":\"ListItem\",\"position\":1,\"name\":\"Home\",\"item\":\"https:\/\/www.geres.eu\/en\/\"},{\"@type\":\"ListItem\",\"position\":2,\"name\":\"Developing educational tools on composting\"}]},{\"@type\":\"WebSite\",\"@id\":\"https:\/\/www.geres.eu\/en\/#website\",\"url\":\"https:\/\/www.geres.eu\/en\/\",\"name\":\"Geres\",\"description\":\"Acting for climate solidarity\",\"publisher\":{\"@id\":\"https:\/\/www.geres.eu\/en\/#organization\"},\"potentialAction\":[{\"@type\":\"SearchAction\",\"target\":{\"@type\":\"EntryPoint\",\"urlTemplate\":\"https:\/\/www.geres.eu\/en\/?s={search_term_string}\"},\"query-input\":{\"@type\":\"PropertyValueSpecification\",\"valueRequired\":true,\"valueName\":\"search_term_string\"}}],\"inLanguage\":\"en-US\"},{\"@type\":\"Organization\",\"@id\":\"https:\/\/www.geres.eu\/en\/#organization\",\"name\":\"Geres\",\"url\":\"https:\/\/www.geres.eu\/en\/\",\"logo\":{\"@type\":\"ImageObject\",\"inLanguage\":\"en-US\",\"@id\":\"https:\/\/www.geres.eu\/en\/#\/schema\/logo\/image\/\",\"url\":\"https:\/\/www.geres.eu\/wp-content\/uploads\/2019\/10\/geres-logo-fr.png\",\"contentUrl\":\"https:\/\/www.geres.eu\/wp-content\/uploads\/2019\/10\/geres-logo-fr.png\",\"width\":139,\"height\":92,\"caption\":\"Geres\"},\"image\":{\"@id\":\"https:\/\/www.geres.eu\/en\/#\/schema\/logo\/image\/\"},\"sameAs\":[\"https:\/\/www.facebook.com\/geres.asso\/\",\"https:\/\/x.com\/Geres_fr\",\"https:\/\/fr.linkedin.com\/company\/geres\",\"https:\/\/www.youtube.com\/channel\/UCDAYdJgGXWW6kmtSeEuhNIQ\",\"https:\/\/fr.wikipedia.org\/wiki\/Geres\"]}]}<\/script>\n<!-- \/ Yoast SEO plugin. -->","yoast_head_json":{"title":"Developing educational tools on composting - Geres","robots":{"index":"index","follow":"follow","max-snippet":"max-snippet:-1","max-image-preview":"max-image-preview:large","max-video-preview":"max-video-preview:-1"},"canonical":"https:\/\/www.geres.eu\/en\/our-actions\/our-projects\/developing-educational-tools-on-composting\/","og_locale":"en_US","og_type":"article","og_title":"Developing educational tools on composting - Geres","og_description":"In partnership with stakeholders in environmental education and sustainable development, Geres designed a transversal tool on the theme of composting in 2011.Context and challenges Encouraged by new regulations, composting is an excellent way of recycling household waste that can be adopted at all levels: from the home to [&hellip;]","og_url":"https:\/\/www.geres.eu\/en\/our-actions\/our-projects\/developing-educational-tools-on-composting\/","og_site_name":"Geres","article_publisher":"https:\/\/www.facebook.com\/geres.asso\/","article_modified_time":"2020-01-09T14:05:05+00:00","og_image":[{"width":1300,"height":590,"url":"https:\/\/www.geres.eu\/wp-content\/uploads\/2019\/11\/geres.nos-actions-.nos-projets.outil-pedagogique-compostage-paca.jpg","type":"image\/jpeg"}],"twitter_card":"summary_large_image","twitter_site":"@Geres_fr","twitter_misc":{"Est. reading time":"12 minutes"},"schema":{"@context":"https:\/\/schema.org","@graph":[{"@type":"WebPage","@id":"https:\/\/www.geres.eu\/en\/our-actions\/our-projects\/developing-educational-tools-on-composting\/","url":"https:\/\/www.geres.eu\/en\/our-actions\/our-projects\/developing-educational-tools-on-composting\/","name":"Developing educational tools on composting - Geres","isPartOf":{"@id":"https:\/\/www.geres.eu\/en\/#website"},"primaryImageOfPage":{"@id":"https:\/\/www.geres.eu\/en\/our-actions\/our-projects\/developing-educational-tools-on-composting\/#primaryimage"},"image":{"@id":"https:\/\/www.geres.eu\/en\/our-actions\/our-projects\/developing-educational-tools-on-composting\/#primaryimage"},"thumbnailUrl":"https:\/\/www.geres.eu\/wp-content\/uploads\/2019\/11\/geres.nos-actions-.nos-projets.outil-pedagogique-compostage-paca.jpg","datePublished":"2019-12-17T14:39:05+00:00","dateModified":"2020-01-09T14:05:05+00:00","breadcrumb":{"@id":"https:\/\/www.geres.eu\/en\/our-actions\/our-projects\/developing-educational-tools-on-composting\/#breadcrumb"},"inLanguage":"en-US","potentialAction":[{"@type":"ReadAction","target":["https:\/\/www.geres.eu\/en\/our-actions\/our-projects\/developing-educational-tools-on-composting\/"]}]},{"@type":"ImageObject","inLanguage":"en-US","@id":"https:\/\/www.geres.eu\/en\/our-actions\/our-projects\/developing-educational-tools-on-composting\/#primaryimage","url":"https:\/\/www.geres.eu\/wp-content\/uploads\/2019\/11\/geres.nos-actions-.nos-projets.outil-pedagogique-compostage-paca.jpg","contentUrl":"https:\/\/www.geres.eu\/wp-content\/uploads\/2019\/11\/geres.nos-actions-.nos-projets.outil-pedagogique-compostage-paca.jpg","width":1300,"height":590},{"@type":"BreadcrumbList","@id":"https:\/\/www.geres.eu\/en\/our-actions\/our-projects\/developing-educational-tools-on-composting\/#breadcrumb","itemListElement":[{"@type":"ListItem","position":1,"name":"Home","item":"https:\/\/www.geres.eu\/en\/"},{"@type":"ListItem","position":2,"name":"Developing educational tools on composting"}]},{"@type":"WebSite","@id":"https:\/\/www.geres.eu\/en\/#website","url":"https:\/\/www.geres.eu\/en\/","name":"Geres","description":"Acting for climate solidarity","publisher":{"@id":"https:\/\/www.geres.eu\/en\/#organization"},"potentialAction":[{"@type":"SearchAction","target":{"@type":"EntryPoint","urlTemplate":"https:\/\/www.geres.eu\/en\/?s={search_term_string}"},"query-input":{"@type":"PropertyValueSpecification","valueRequired":true,"valueName":"search_term_string"}}],"inLanguage":"en-US"},{"@type":"Organization","@id":"https:\/\/www.geres.eu\/en\/#organization","name":"Geres","url":"https:\/\/www.geres.eu\/en\/","logo":{"@type":"ImageObject","inLanguage":"en-US","@id":"https:\/\/www.geres.eu\/en\/#\/schema\/logo\/image\/","url":"https:\/\/www.geres.eu\/wp-content\/uploads\/2019\/10\/geres-logo-fr.png","contentUrl":"https:\/\/www.geres.eu\/wp-content\/uploads\/2019\/10\/geres-logo-fr.png","width":139,"height":92,"caption":"Geres"},"image":{"@id":"https:\/\/www.geres.eu\/en\/#\/schema\/logo\/image\/"},"sameAs":["https:\/\/www.facebook.com\/geres.asso\/","https:\/\/x.com\/Geres_fr","https:\/\/fr.linkedin.com\/company\/geres","https:\/\/www.youtube.com\/channel\/UCDAYdJgGXWW6kmtSeEuhNIQ","https:\/\/fr.wikipedia.org\/wiki\/Geres"]}]}},"_links":{"self":[{"href":"https:\/\/www.geres.eu\/en\/wp-json\/wp\/v2\/project\/11814"}],"collection":[{"href":"https:\/\/www.geres.eu\/en\/wp-json\/wp\/v2\/project"}],"about":[{"href":"https:\/\/www.geres.eu\/en\/wp-json\/wp\/v2\/types\/project"}],"author":[{"embeddable":true,"href":"https:\/\/www.geres.eu\/en\/wp-json\/wp\/v2\/users\/11"}],"replies":[{"embeddable":true,"href":"https:\/\/www.geres.eu\/en\/wp-json\/wp\/v2\/comments?post=11814"}],"version-history":[{"count":5,"href":"https:\/\/www.geres.eu\/en\/wp-json\/wp\/v2\/project\/11814\/revisions"}],"predecessor-version":[{"id":13673,"href":"https:\/\/www.geres.eu\/en\/wp-json\/wp\/v2\/project\/11814\/revisions\/13673"}],"wp:featuredmedia":[{"embeddable":true,"href":"https:\/\/www.geres.eu\/en\/wp-json\/wp\/v2\/media\/8683"}],"wp:attachment":[{"href":"https:\/\/www.geres.eu\/en\/wp-json\/wp\/v2\/media?parent=11814"}],"wp:term":[{"taxonomy":"project_category","embeddable":true,"href":"https:\/\/www.geres.eu\/en\/wp-json\/wp\/v2\/project_category?post=11814"},{"taxonomy":"project_tag","embeddable":true,"href":"https:\/\/www.geres.eu\/en\/wp-json\/wp\/v2\/project_tag?post=11814"}],"curies":[{"name":"wp","href":"https:\/\/api.w.org\/{rel}","templated":true}]}}